{"id":1263,"date":"2021-11-08T17:53:25","date_gmt":"2021-11-08T20:53:25","guid":{"rendered":"https:\/\/www.rr.senac.br\/portalsenac\/?page_id=1263"},"modified":"2023-06-22T16:23:48","modified_gmt":"2023-06-22T19:23:48","slug":"projeto-senac-solidario","status":"publish","type":"page","link":"https:\/\/www.rr.senac.br\/portalsenac\/projeto-senac-solidario\/","title":{"rendered":"Senac Solid\u00e1rio"},"content":{"rendered":"\n<div style=\"height:40px\" aria-hidden=\"true\" class=\"wp-block-spacer\"><\/div>\n\n\n\n<p class=\"texto-justificado\">Projeto idealizado em 2009, pelo Presidente da Federa\u00e7\u00e3o do Com\u00e9rcio, com a proposta de atingir a comunidades carentes na capital e no interior do Estado, por meio da oferta de educa\u00e7\u00e3o profissional, favorecendo a integra\u00e7\u00e3o ao mercado de trabalho e gera\u00e7\u00e3o de renda, aos participantes do projeto.<\/p>\n\n\n\n<p class=\"texto-justificado\"><br>Os participantes do Projeto devem ter a partir de 16 anos, apresentar original do RG e CPF e comprovante de escolaridade, quando solicitado como pr\u00e9 requisito para o curso ofertado; o candidato menor de idade dever\u00e1 estar acompanhado do pai ou m\u00e3e, e estes dever\u00e3o apresentar originais e c\u00f3pia do RG ou certid\u00e3o de nascimento.<\/p>\n\n\n\n<p class=\"texto-justificado\"><br>As a\u00e7\u00f5es do Projeto, s\u00e3o desenvolvidas, nas unidades operacionais do SENAC, como tamb\u00e9m em parceria, com Associa\u00e7\u00f5es de Moradores, em bairros perif\u00e9ricos, da capital e munic\u00edpios do interior do Estado, ampliando sua a\u00e7\u00e3o, e indo ao encontro da popula\u00e7\u00e3o carente, que atrav\u00e9s da qualifica\u00e7\u00e3o profissional, descobre caminhos para sua efetiva participa\u00e7\u00e3o na sociedade. Os cursos s\u00e3o ofertados nas \u00e1reas de atua\u00e7\u00e3o do SENAC, havendo maior concentra\u00e7\u00e3o, nas \u00e1reas de Turismo e Hospitalidade e Artes.<\/p>\n\n\n\n<p class=\"texto-justificado\"><br>O papel de qualificar pessoas, para o mercado de trabalho, abrange o desenvolvimento de consci\u00eancia critica e reflexiva para a transforma\u00e7\u00e3o de vidas.<\/p>\n","protected":false},"excerpt":{"rendered":"<p>Projeto idealizado em 2009, pelo Presidente da Federa\u00e7\u00e3o do Com\u00e9rcio, com a proposta de atingir a comunidades carentes na capital e no interior do Estado, por meio da oferta de educa\u00e7\u00e3o profissional, favorecendo a integra\u00e7\u00e3o ao mercado de trabalho e gera\u00e7\u00e3o de renda, aos participantes&hellip; <a class=\"more-link\" href=\"https:\/\/www.rr.senac.br\/portalsenac\/projeto-senac-solidario\/\">Continuar lendo <span class=\"screen-reader-text\">Senac Solid\u00e1rio<\/span><\/a><\/p>\n","protected":false},"author":4,"featured_media":0,"parent":0,"menu_order":0,"comment_status":"closed","ping_status":"closed","template":"","meta":{"_joinchat":[],"footnotes":""},"class_list":["post-1263","page","type-page","status-publish","hentry","entry"],"jetpack_sharing_enabled":true,"_links":{"self":[{"href":"https:\/\/www.rr.senac.br\/portalsenac\/wp-json\/wp\/v2\/pages\/1263","targetHints":{"allow":["GET"]}}],"collection":[{"href":"https:\/\/www.rr.senac.br\/portalsenac\/wp-json\/wp\/v2\/pages"}],"about":[{"href":"https:\/\/www.rr.senac.br\/portalsenac\/wp-json\/wp\/v2\/types\/page"}],"author":[{"embeddable":true,"href":"https:\/\/www.rr.senac.br\/portalsenac\/wp-json\/wp\/v2\/users\/4"}],"replies":[{"embeddable":true,"href":"https:\/\/www.rr.senac.br\/portalsenac\/wp-json\/wp\/v2\/comments?post=1263"}],"version-history":[{"count":0,"href":"https:\/\/www.rr.senac.br\/portalsenac\/wp-json\/wp\/v2\/pages\/1263\/revisions"}],"wp:attachment":[{"href":"https:\/\/www.rr.senac.br\/portalsenac\/wp-json\/wp\/v2\/media?parent=1263"}],"curies":[{"name":"wp","href":"https:\/\/api.w.org\/{rel}","templated":true}]}}