{"id":202,"date":"2021-03-09T17:42:48","date_gmt":"2021-03-09T20:42:48","guid":{"rendered":"http:\/\/rr.senac.local\/?page_id=202"},"modified":"2025-04-03T11:20:34","modified_gmt":"2025-04-03T15:20:34","slug":"aprendizagem-profissional","status":"publish","type":"page","link":"https:\/\/www.rr.senac.br\/portalsenac\/aprendizagem-profissional\/","title":{"rendered":"Aprendizagem Profissional"},"content":{"rendered":"\n<div style=\"height:40px\" aria-hidden=\"true\" class=\"wp-block-spacer\"><\/div>\n\n\n\n<h3 class=\"wp-block-heading alignfull\">ABRA ESPA\u00c7O PARA UM JOVEM APRENDIZ<\/h3>\n\n\n\n<h4 class=\"wp-block-heading alignfull\"><strong><span style=\"color:#004c94\" class=\"has-inline-color\">O programa de Aprendizagem<\/span><\/strong><\/h4>\n\n\n\n<p class=\"has-small-font-size\">O Programa Senac de Aprendizagem possibilita a inser\u00e7\u00e3o de jovens e adolescentes no mundo do trabalho, por meio da educa\u00e7\u00e3o e com foco na responsabilidade social.<\/p>\n\n\n\n<p class=\"has-small-font-size\">Gratuito para empresas contribuintes do Senac, o programa \u00e9 parte primordial das a\u00e7\u00f5es do Programa Senac de Gratuidade (PSG), em todo o pa\u00eds, e atende \u00e0 Lei da Aprendizagem n\u00ba 10.097\/00.<\/p>\n\n\n\n<h4 class=\"wp-block-heading alignfull\"><strong><span style=\"color:#004c94\" class=\"has-inline-color\">Cursos<\/span><\/strong><\/h4>\n\n\n\n<p class=\"has-extra-small-font-size\">O Senac Roraima oferece as op\u00e7\u00f5es de forma\u00e7\u00e3o para jovens aprendizes:<\/p>\n\n\n\n<figure class=\"wp-block-image size-full is-style-default\"><img data-recalc-dims=\"1\" fetchpriority=\"high\" decoding=\"async\" width=\"750\" height=\"418\" src=\"https:\/\/i0.wp.com\/www.rr.senac.br\/portalsenac\/wp-content\/uploads\/2021\/10\/processo-aprendiz-areas.png?resize=750%2C418&#038;ssl=1\" alt=\"\" class=\"wp-image-438\" srcset=\"https:\/\/i0.wp.com\/www.rr.senac.br\/portalsenac\/wp-content\/uploads\/2021\/10\/processo-aprendiz-areas.png?w=750&amp;ssl=1 750w, https:\/\/i0.wp.com\/www.rr.senac.br\/portalsenac\/wp-content\/uploads\/2021\/10\/processo-aprendiz-areas.png?resize=300%2C167&amp;ssl=1 300w\" sizes=\"(max-width: 750px) 100vw, 750px\" \/><\/figure>\n\n\n\n<h4 class=\"wp-block-heading alignfull\"><strong><span style=\"color:#004c94\" class=\"has-inline-color\">Como funciona<\/span><\/strong><\/h4>\n\n\n\n<p class=\"texto-justificado has-small-font-size\">Ap\u00f3s o aprendiz ser contratado, a empresa ir\u00e1 matricul\u00e1-lo em um dos cursos do Senac\/RR. O contrato de trabalho especial, tem dura\u00e7\u00e3o de um ano, n\u00e3o podendo ser prorrogado. Est\u00e3o previstas no m\u00ednimo 10% das horas iniciais da carga te\u00f3rica em uma das unidades do Senac, antes do encaminhamento do aprendiz para a pr\u00e1tica profissional na empresa, conforme artigo 11 da Portaria 634\/1618, garantindo que as demais horas sejam realizadas concomitantemente no decorrer do contrato.<\/p>\n\n\n\n<hr class=\"wp-block-separator has-css-opacity\"\/>\n\n\n\n<h4 class=\"wp-block-heading alignfull\"><strong><span style=\"color:#004c94\" class=\"has-inline-color\">Empresa, saiba como participar<\/span><\/strong><\/h4>\n\n\n\n<p class=\"texto-justificado has-small-font-size\">O Senac Roraima torna p\u00fablico o&nbsp;<strong>credenciamento de vagas de Aprendizagem Profissional Comercial <\/strong>. As empresas contribuintes do com\u00e9rcio interessadas no Programa de Aprendizagem do Senac, devem conferir as documenta\u00e7\u00f5es abaixo listadas com as informa\u00e7\u00f5es necess\u00e1rias. O curso ser\u00e1 integralmente gratuito para as empresas do com\u00e9rcio de bens, servi\u00e7os e turismo. As empresas tamb\u00e9m podem acessar o Manual da Aprendizagem do Minist\u00e9rio do Trabalho e tirar as d\u00favidas sobre os contratos de aprendizagem.&nbsp;<\/p>\n\n\n\n<p class=\"texto-justificado has-small-font-size\">A empresa interessada deve preencher os documentos solicitados no&nbsp;<strong>CREDENCIAMENTO DE EMPRESAS DA APRENDIZAGEM,&nbsp;<\/strong>e atender aos cronograma de entregas solicitado.&nbsp;<\/p>\n\n\n\n<p class=\"texto-justificado has-small-font-size\">Para mais informa\u00e7\u00f5es, entre em contato atrav\u00e9s do e-mail&nbsp;<a href=\"mailto:aprendizagemcomercial@rr.senac.br\" target=\"_blank\" rel=\"noreferrer noopener\">aprendizagemcomercial@rr.senac.br<\/a>&nbsp;ou atrav\u00e9s dos telefones&nbsp;(95) 3626-8434 (Coordena\u00e7\u00e3o) 98420-5383 (Equipe pedag\u00f3gica Aprendizagem).&nbsp;<\/p>\n\n\n\n<h4 class=\"wp-block-heading alignfull\"><strong><span style=\"color:#004c94\" class=\"has-inline-color\">Vantagens para sua empresa<\/span><\/strong><\/h4>\n\n\n\n<ul class=\"wp-block-list\">\n<li>Jovens preparados para atuar em equipe, propor solu\u00e7\u00f5es e resolver problemas;<\/li>\n\n\n\n<li>M\u00e3o de obra qualificada em diversas categorias comerciais;<\/li>\n\n\n\n<li>Encontro com pais e respons\u00e1veis para orienta\u00e7\u00f5es sobre o funcionamento do programa e o desenvolvimento do aprendiz;<\/li>\n\n\n\n<li>Orienta\u00e7\u00e3o da equipe Senac para operacionaliza\u00e7\u00e3o do programa, trocar experi\u00eancias e acompanhar o desenvolvimento dos aprendizes;<\/li>\n\n\n\n<li>Flexibilidade de aloca\u00e7\u00e3o dos aprendizes em diferentes \u00e1reas da empresa.<\/li>\n<\/ul>\n\n\n\n<h4 class=\"wp-block-heading alignfull\"><strong><span style=\"color:#004c94\" class=\"has-inline-color\">Jovem aprendiz, saiba como participar<\/span><\/strong><\/h4>\n\n\n\n<figure class=\"wp-block-image size-full\"><img data-recalc-dims=\"1\" decoding=\"async\" width=\"750\" height=\"418\" src=\"https:\/\/i0.wp.com\/www.rr.senac.br\/portalsenac\/wp-content\/uploads\/2021\/10\/processo-aprendiz-n.png?resize=750%2C418&#038;ssl=1\" alt=\"\" class=\"wp-image-439\" srcset=\"https:\/\/i0.wp.com\/www.rr.senac.br\/portalsenac\/wp-content\/uploads\/2021\/10\/processo-aprendiz-n.png?w=750&amp;ssl=1 750w, https:\/\/i0.wp.com\/www.rr.senac.br\/portalsenac\/wp-content\/uploads\/2021\/10\/processo-aprendiz-n.png?resize=300%2C167&amp;ssl=1 300w\" sizes=\"(max-width: 750px) 100vw, 750px\" \/><\/figure>\n\n\n\n<h4 class=\"wp-block-heading alignfull\"><strong><span style=\"color:#004c94\" class=\"has-inline-color\">DOCUMENTA\u00c7\u00c3O:<\/span><\/strong><\/h4>\n\n\n\n<div class=\"wp-block-wpfd-wpfd-category\"><script type=\"text\/x-handlebars-template\"        id=\"wpfd-template-table-categories-32\">    <div class=\"wpfd-categories \">{{#if category}}{{#with category}}<h2>{{name}}<\/h2>{{#if parent}}<a class=\"catlink backcategory\" href=\"#\" data-idcat=\"{{parent}}\">                        <i class=\"zmdi zmdi-chevron-left\"><\/i><span>Voltar<\/span><\/a>{{\/if}}{{\/with}}{{\/if}}{{#if category.desc}}<div class=\"wpfd-category-desc\">{{category.desc}}<\/div>{{\/if}}<\/div><\/script><script type=\"text\/x-handlebars-template\" id=\"wpfd-template-table-32\">    {{#if files}}    {{#each files}}    <tr class=\"file {{class}} {{ext}}\" data-id=\"{{ID}}\" data-catid=\"{{catid}}\">        <input type=\"hidden\" class=\"wpfd_file_preview_link_download\" value=\"{{linkdownload}}\" data-filetitle=\"{{post_title}}\" data-fileicons=\"ext ext-{{ext}} wpfd-icon-set-png\" \/>    <td class=\"file_title\"><a class=\"wpfd_downloadlink\" href=\"{{linkdownload}}\"  title=\"{{post_title}}\" target=\"{{#if remote_file}}_blank{{\/if}}\"><span class=\"extcol\">{{#if file_custom_icon}}<span class=\"icon-custom\"><img decoding=\"async\" src=\"{{file_custom_icon}}\"><\/span>{{else}}<span class=\"ext ext-{{ext}} wpfd-icon-set-png\"><\/span>{{\/if}}<\/span><span class=\"wpfd-file-crop-title\">{{{crop_title}}}<\/span><\/a><\/td>                    <td class=\"col-download\">                <a class=\"downloadlink wpfd_downloadlink\"  href=\"{{linkdownload}}\"  style=\"background-color:#1d52a1;color:#ffffff;\" target=\"{{#if remote_file}}_blank{{\/if}}\">Baixar<i class=\"zmdi zmdi-cloud-download wpfd-download\"><\/i><\/a>            <\/td>            <\/tr>    {{\/each}}    {{\/if}}<\/script><div class=\"wpfd-content wpfd-content-table wpfd-content-multi colstyle\" data-category=\"32\"              style=\"background-color: rgba(209, 0, 0, 0);\"><input type=\"hidden\" id=\"current_category_32\" value=\"32\" \/>                    <input type=\"hidden\" id=\"current_category_slug_32\" value=\"aprendizagem-profissional\" \/>                    <input type=\"hidden\" id=\"current_ordering_32\" value=\"ordering\" \/>                    <input type=\"hidden\" id=\"current_ordering_direction_32\" value=\"asc\" \/>                    <input type=\"hidden\" id=\"page_limit_32\" value=\"10\" \/><input type=\"hidden\" id=\"wpfd_display_empty_category_message\" value=\"0\" \/><input type=\"hidden\" id=\"wpfd_empty_category_message_val\" value=\"This file category has no files to display\" \/><input type=\"hidden\" id=\"wpfd_display_empty_folder\" value=\"0\" \/><input type=\"hidden\" id=\"wpfd_is_empty_subcategories\" value=\"1\" \/><input type=\"hidden\" id=\"wpfd_is_empty_files\" value=\"1\" \/><input type=\"hidden\" id=\"wpfd_root_category_id\" class=\"wpfd_root_category_id\" value=\"32\" \/><input type=\"hidden\" id=\"wpfd_root_category_theme\" class=\"wpfd_root_category_theme\" value=\"table\" \/><input type=\"hidden\" id=\"wpfd_root_category_clone_theme_type\" class=\"wpfd_root_category_clone_theme_type\" value=\"none\" \/><input type=\"hidden\" id=\"wpfd_root_category_type\" class=\"wpfd_root_category_type\" value=\"32\" \/><div class=\"wpfd-container show_category_title\">        <div class=\"wpfd-open-tree\"><\/div>    <div class=\"wpfd-container-table  \">        <div class=\"wpfd-categories \"><h2 class=\"wpfd-category-theme-title\">Aprendizagem Profissional<\/h2><div class=\"wpfd-category-desc\"><\/div><\/div>        <table class=\"wpfd-search-result wpfd-table wpfd-table-bordered wpfd-table-striped wpfd-table-0 mediaTable wpfd-theme-rows\">            <thead>                <tr>                    <th class=\"essential persist file_title\">T\u00edtulo<\/th><th class=\"essential file_download file_download_tbl\">Baixar<\/th>                <\/tr>            <\/thead>            <tbody>                                            <tr class=\"file pdf\" data-id=\"9270\"                    data-catid=\"32\">                                        <input type=\"hidden\" class=\"wpfd_file_preview_link_download\" value=\"https:\/\/www.rr.senac.br\/portalsenac\/download\/32\/aprendizagem-profissional\/9270\/errata-01-edital-01-2026.pdf\"                           data-filetitle=\"ERRATA 01 EDITAL 01-2026\" data-fileicons=\"ext ext-pdf wpfd-icon-set-png\" \/>                    <td class=\"file_title\"><a class=\"wpfd_downloadlink\" href=\"https:\/\/www.rr.senac.br\/portalsenac\/download\/32\/aprendizagem-profissional\/9270\/errata-01-edital-01-2026.pdf\"  title=\"ERRATA 01 EDITAL 01-2026\" target=\"\"><span class=\"extcol\"><span class=\"ext ext-pdf wpfd-icon-set-png\"><\/span><\/span><span class=\"wpfd-file-crop-title\">ERRATA 01 EDITAL 01-2026<\/span><\/a><\/td>                                            <td class=\"file_download_tbl col-download\">                            <a class=\"downloadlink wpfd_downloadlink\"  href=\"https:\/\/www.rr.senac.br\/portalsenac\/download\/32\/aprendizagem-profissional\/9270\/errata-01-edital-01-2026.pdf\"  style=\"background-color:#1d52a1;color:#ffffff;\" target=\"\">Baixar<i class=\"zmdi zmdi-cloud-download wpfd-download\"><\/i><\/a>                        <\/td>                                    <\/tr>                                                            <tr class=\"file pdf\" data-id=\"9187\"                    data-catid=\"32\">                                        <input type=\"hidden\" class=\"wpfd_file_preview_link_download\" value=\"https:\/\/www.rr.senac.br\/portalsenac\/download\/32\/aprendizagem-profissional\/9187\/01-edital-no-01-2026-programa-de-aprendizagem.pdf\"                           data-filetitle=\"01 - EDITAL N\u00ba 01.2026 \u2013 PROGRAMA DE APRENDIZAGEM\" data-fileicons=\"ext ext-pdf wpfd-icon-set-png\" \/>                    <td class=\"file_title\"><a class=\"wpfd_downloadlink\" href=\"https:\/\/www.rr.senac.br\/portalsenac\/download\/32\/aprendizagem-profissional\/9187\/01-edital-no-01-2026-programa-de-aprendizagem.pdf\"  title=\"01 - EDITAL N\u00ba 01.2026 \u2013 PROGRAMA DE APRENDIZAGEM\" target=\"\"><span class=\"extcol\"><span class=\"ext ext-pdf wpfd-icon-set-png\"><\/span><\/span><span class=\"wpfd-file-crop-title\">01 - EDITAL N\u00ba 01.2026 \u2013 PROGRAMA DE APRENDIZAGEM<\/span><\/a><\/td>                                            <td class=\"file_download_tbl col-download\">                            <a class=\"downloadlink wpfd_downloadlink\"  href=\"https:\/\/www.rr.senac.br\/portalsenac\/download\/32\/aprendizagem-profissional\/9187\/01-edital-no-01-2026-programa-de-aprendizagem.pdf\"  style=\"background-color:#1d52a1;color:#ffffff;\" target=\"\">Baixar<i class=\"zmdi zmdi-cloud-download wpfd-download\"><\/i><\/a>                        <\/td>                                    <\/tr>                                                            <tr class=\"file docx\" data-id=\"9182\"                    data-catid=\"32\">                                        <input type=\"hidden\" class=\"wpfd_file_preview_link_download\" value=\"https:\/\/www.rr.senac.br\/portalsenac\/download\/32\/aprendizagem-profissional\/9182\/02-ficha-de-requerimento-de-vagas-3.docx\"                           data-filetitle=\"02 - Ficha de Requerimento de Vagas\" data-fileicons=\"ext ext-docx wpfd-icon-set-png\" \/>                    <td class=\"file_title\"><a class=\"wpfd_downloadlink\" href=\"https:\/\/www.rr.senac.br\/portalsenac\/download\/32\/aprendizagem-profissional\/9182\/02-ficha-de-requerimento-de-vagas-3.docx\"  title=\"02 - Ficha de Requerimento de Vagas\" target=\"\"><span class=\"extcol\"><span class=\"ext ext-docx wpfd-icon-set-png\"><\/span><\/span><span class=\"wpfd-file-crop-title\">02 - Ficha de Requerimento de Vagas<\/span><\/a><\/td>                                            <td class=\"file_download_tbl col-download\">                            <a class=\"downloadlink wpfd_downloadlink\"  href=\"https:\/\/www.rr.senac.br\/portalsenac\/download\/32\/aprendizagem-profissional\/9182\/02-ficha-de-requerimento-de-vagas-3.docx\"  style=\"background-color:#1d52a1;color:#ffffff;\" target=\"\">Baixar<i class=\"zmdi zmdi-cloud-download wpfd-download\"><\/i><\/a>                        <\/td>                                    <\/tr>                                                            <tr class=\"file docx\" data-id=\"9180\"                    data-catid=\"32\">                                        <input type=\"hidden\" class=\"wpfd_file_preview_link_download\" value=\"https:\/\/www.rr.senac.br\/portalsenac\/download\/32\/aprendizagem-profissional\/9180\/03-ficha-de-matricula-psg-3.docx\"                           data-filetitle=\"03 - Ficha de Matricula PSG\" data-fileicons=\"ext ext-docx wpfd-icon-set-png\" \/>                    <td class=\"file_title\"><a class=\"wpfd_downloadlink\" href=\"https:\/\/www.rr.senac.br\/portalsenac\/download\/32\/aprendizagem-profissional\/9180\/03-ficha-de-matricula-psg-3.docx\"  title=\"03 - Ficha de Matricula PSG\" target=\"\"><span class=\"extcol\"><span class=\"ext ext-docx wpfd-icon-set-png\"><\/span><\/span><span class=\"wpfd-file-crop-title\">03 - Ficha de Matricula PSG<\/span><\/a><\/td>                                            <td class=\"file_download_tbl col-download\">                            <a class=\"downloadlink wpfd_downloadlink\"  href=\"https:\/\/www.rr.senac.br\/portalsenac\/download\/32\/aprendizagem-profissional\/9180\/03-ficha-de-matricula-psg-3.docx\"  style=\"background-color:#1d52a1;color:#ffffff;\" target=\"\">Baixar<i class=\"zmdi zmdi-cloud-download wpfd-download\"><\/i><\/a>                        <\/td>                                    <\/tr>                                                            <tr class=\"file docx\" data-id=\"9181\"                    data-catid=\"32\">                                        <input type=\"hidden\" class=\"wpfd_file_preview_link_download\" value=\"https:\/\/www.rr.senac.br\/portalsenac\/download\/32\/aprendizagem-profissional\/9181\/04-autodeclaracao-de-renda-3.docx\"                           data-filetitle=\"04 - AutoDeclara\u00e7\u00e3o de Renda\" data-fileicons=\"ext ext-docx wpfd-icon-set-png\" \/>                    <td class=\"file_title\"><a class=\"wpfd_downloadlink\" href=\"https:\/\/www.rr.senac.br\/portalsenac\/download\/32\/aprendizagem-profissional\/9181\/04-autodeclaracao-de-renda-3.docx\"  title=\"04 - AutoDeclara\u00e7\u00e3o de Renda\" target=\"\"><span class=\"extcol\"><span class=\"ext ext-docx wpfd-icon-set-png\"><\/span><\/span><span class=\"wpfd-file-crop-title\">04 - AutoDeclara\u00e7\u00e3o de Renda<\/span><\/a><\/td>                                            <td class=\"file_download_tbl col-download\">                            <a class=\"downloadlink wpfd_downloadlink\"  href=\"https:\/\/www.rr.senac.br\/portalsenac\/download\/32\/aprendizagem-profissional\/9181\/04-autodeclaracao-de-renda-3.docx\"  style=\"background-color:#1d52a1;color:#ffffff;\" target=\"\">Baixar<i class=\"zmdi zmdi-cloud-download wpfd-download\"><\/i><\/a>                        <\/td>                                    <\/tr>                                                            <tr class=\"file docx\" data-id=\"9179\"                    data-catid=\"32\">                                        <input type=\"hidden\" class=\"wpfd_file_preview_link_download\" value=\"https:\/\/www.rr.senac.br\/portalsenac\/download\/32\/aprendizagem-profissional\/9179\/05-relacao-de-jovens-por-nome-3.docx\"                           data-filetitle=\"05 - Rela\u00e7\u00e3o de Jovens por Nome\" data-fileicons=\"ext ext-docx wpfd-icon-set-png\" \/>                    <td class=\"file_title\"><a class=\"wpfd_downloadlink\" href=\"https:\/\/www.rr.senac.br\/portalsenac\/download\/32\/aprendizagem-profissional\/9179\/05-relacao-de-jovens-por-nome-3.docx\"  title=\"05 - Rela\u00e7\u00e3o de Jovens por Nome\" target=\"\"><span class=\"extcol\"><span class=\"ext ext-docx wpfd-icon-set-png\"><\/span><\/span><span class=\"wpfd-file-crop-title\">05 - Rela\u00e7\u00e3o de Jovens por Nome<\/span><\/a><\/td>                                            <td class=\"file_download_tbl col-download\">                            <a class=\"downloadlink wpfd_downloadlink\"  href=\"https:\/\/www.rr.senac.br\/portalsenac\/download\/32\/aprendizagem-profissional\/9179\/05-relacao-de-jovens-por-nome-3.docx\"  style=\"background-color:#1d52a1;color:#ffffff;\" target=\"\">Baixar<i class=\"zmdi zmdi-cloud-download wpfd-download\"><\/i><\/a>                        <\/td>                                    <\/tr>                                                            <tr class=\"file docx\" data-id=\"9178\"                    data-catid=\"32\">                                        <input type=\"hidden\" class=\"wpfd_file_preview_link_download\" value=\"https:\/\/www.rr.senac.br\/portalsenac\/download\/32\/aprendizagem-profissional\/9178\/06-mod-de-contrato-de-trab-de-apz-adm-superm-vendas.docx\"                           data-filetitle=\"06 - Mod. de Contrato de Trab. de Apz - ADM. SUPERM. VENDAS\" data-fileicons=\"ext ext-docx wpfd-icon-set-png\" \/>                    <td class=\"file_title\"><a class=\"wpfd_downloadlink\" href=\"https:\/\/www.rr.senac.br\/portalsenac\/download\/32\/aprendizagem-profissional\/9178\/06-mod-de-contrato-de-trab-de-apz-adm-superm-vendas.docx\"  title=\"06 - Mod. de Contrato de Trab. de Apz - ADM. SUPERM. VENDAS\" target=\"\"><span class=\"extcol\"><span class=\"ext ext-docx wpfd-icon-set-png\"><\/span><\/span><span class=\"wpfd-file-crop-title\">06 - Mod. de Contrato de Trab. de Apz - ADM. SUPERM. VENDAS<\/span><\/a><\/td>                                            <td class=\"file_download_tbl col-download\">                            <a class=\"downloadlink wpfd_downloadlink\"  href=\"https:\/\/www.rr.senac.br\/portalsenac\/download\/32\/aprendizagem-profissional\/9178\/06-mod-de-contrato-de-trab-de-apz-adm-superm-vendas.docx\"  style=\"background-color:#1d52a1;color:#ffffff;\" target=\"\">Baixar<i class=\"zmdi zmdi-cloud-download wpfd-download\"><\/i><\/a>                        <\/td>                                    <\/tr>                                                            <tr class=\"file pdf\" data-id=\"9185\"                    data-catid=\"32\">                                        <input type=\"hidden\" class=\"wpfd_file_preview_link_download\" value=\"https:\/\/www.rr.senac.br\/portalsenac\/download\/32\/aprendizagem-profissional\/9185\/08-manual-de-orientacao-as-empresas.pdf\"                           data-filetitle=\"08 - Manual de Orienta\u00e7\u00e3o as Empresas\" data-fileicons=\"ext ext-pdf wpfd-icon-set-png\" \/>                    <td class=\"file_title\"><a class=\"wpfd_downloadlink\" href=\"https:\/\/www.rr.senac.br\/portalsenac\/download\/32\/aprendizagem-profissional\/9185\/08-manual-de-orientacao-as-empresas.pdf\"  title=\"08 - Manual de Orienta\u00e7\u00e3o as Empresas\" target=\"\"><span class=\"extcol\"><span class=\"ext ext-pdf wpfd-icon-set-png\"><\/span><\/span><span class=\"wpfd-file-crop-title\">08 - Manual de Orienta\u00e7\u00e3o as Empresas<\/span><\/a><\/td>                                            <td class=\"file_download_tbl col-download\">                            <a class=\"downloadlink wpfd_downloadlink\"  href=\"https:\/\/www.rr.senac.br\/portalsenac\/download\/32\/aprendizagem-profissional\/9185\/08-manual-de-orientacao-as-empresas.pdf\"  style=\"background-color:#1d52a1;color:#ffffff;\" target=\"\">Baixar<i class=\"zmdi zmdi-cloud-download wpfd-download\"><\/i><\/a>                        <\/td>                                    <\/tr>                                                            <tr class=\"file docx\" data-id=\"9271\"                    data-catid=\"32\">                                        <input type=\"hidden\" class=\"wpfd_file_preview_link_download\" value=\"https:\/\/www.rr.senac.br\/portalsenac\/download\/32\/aprendizagem-profissional\/9271\/07-mod-de-contrato-de-trab-de-apz-asseio-e-conserv-2.docx\"                           data-filetitle=\"07-Mod.-de-Contrato-de-Trab.-de-Apz-ASSEIO-E-CONSERV-2\" data-fileicons=\"ext ext-docx wpfd-icon-set-png\" \/>                    <td class=\"file_title\"><a class=\"wpfd_downloadlink\" href=\"https:\/\/www.rr.senac.br\/portalsenac\/download\/32\/aprendizagem-profissional\/9271\/07-mod-de-contrato-de-trab-de-apz-asseio-e-conserv-2.docx\"  title=\"07-Mod.-de-Contrato-de-Trab.-de-Apz-ASSEIO-E-CONSERV-2\" target=\"\"><span class=\"extcol\"><span class=\"ext ext-docx wpfd-icon-set-png\"><\/span><\/span><span class=\"wpfd-file-crop-title\">07-Mod.-de-Contrato-de-Trab.-de-Apz-ASSEIO-E-CONSERV-2<\/span><\/a><\/td>                                            <td class=\"file_download_tbl col-download\">                            <a class=\"downloadlink wpfd_downloadlink\"  href=\"https:\/\/www.rr.senac.br\/portalsenac\/download\/32\/aprendizagem-profissional\/9271\/07-mod-de-contrato-de-trab-de-apz-asseio-e-conserv-2.docx\"  style=\"background-color:#1d52a1;color:#ffffff;\" target=\"\">Baixar<i class=\"zmdi zmdi-cloud-download wpfd-download\"><\/i><\/a>                        <\/td>                                    <\/tr>                                                            <tr class=\"file pdf\" data-id=\"9186\"                    data-catid=\"32\">                                        <input type=\"hidden\" class=\"wpfd_file_preview_link_download\" value=\"https:\/\/www.rr.senac.br\/portalsenac\/download\/32\/aprendizagem-profissional\/9186\/09-manual-da-aprendizagem-profissional-mte.pdf\"                           data-filetitle=\"09 - Manual da Aprendizagem Profissional MTE\" data-fileicons=\"ext ext-pdf wpfd-icon-set-png\" \/>                    <td class=\"file_title\"><a class=\"wpfd_downloadlink\" href=\"https:\/\/www.rr.senac.br\/portalsenac\/download\/32\/aprendizagem-profissional\/9186\/09-manual-da-aprendizagem-profissional-mte.pdf\"  title=\"09 - Manual da Aprendizagem Profissional MTE\" target=\"\"><span class=\"extcol\"><span class=\"ext ext-pdf wpfd-icon-set-png\"><\/span><\/span><span class=\"wpfd-file-crop-title\">09 - Manual da Aprendizagem Profissional MTE<\/span><\/a><\/td>                                            <td class=\"file_download_tbl col-download\">                            <a class=\"downloadlink wpfd_downloadlink\"  href=\"https:\/\/www.rr.senac.br\/portalsenac\/download\/32\/aprendizagem-profissional\/9186\/09-manual-da-aprendizagem-profissional-mte.pdf\"  style=\"background-color:#1d52a1;color:#ffffff;\" target=\"\">Baixar<i class=\"zmdi zmdi-cloud-download wpfd-download\"><\/i><\/a>                        <\/td>                                    <\/tr>                                        <\/tbody>        <\/table>            <\/div><\/div><\/div><div class='wpfd-pagination'>\n\t<span class='page-numbers current'>1<\/span>\n<a class='page-numbers' data-page='2' data-sourcecat='32'>2<\/a>\n<a class='page-numbers' data-page='3' data-sourcecat='32'>3<\/a>\n<a class='next page-numbers' data-page='2' data-sourcecat='32'>Pr\u00f3ximo &raquo;<\/a>\n<\/div>\n<\/div>\n","protected":false},"excerpt":{"rendered":"<p>ABRA ESPA\u00c7O PARA UM JOVEM APRENDIZ O programa de Aprendizagem O Programa Senac de Aprendizagem possibilita a inser\u00e7\u00e3o de jovens e adolescentes no mundo do trabalho, por meio da educa\u00e7\u00e3o e com foco na responsabilidade social. Gratuito para empresas contribuintes do Senac, o programa \u00e9&hellip; <a class=\"more-link\" href=\"https:\/\/www.rr.senac.br\/portalsenac\/aprendizagem-profissional\/\">Continuar lendo <span class=\"screen-reader-text\">Aprendizagem Profissional<\/span><\/a><\/p>\n","protected":false},"author":1,"featured_media":0,"parent":0,"menu_order":0,"comment_status":"closed","ping_status":"closed","template":"","meta":{"_joinchat":{"telephone":"+5595984209992"},"footnotes":""},"class_list":["post-202","page","type-page","status-publish","hentry","entry"],"jetpack_sharing_enabled":true,"_links":{"self":[{"href":"https:\/\/www.rr.senac.br\/portalsenac\/wp-json\/wp\/v2\/pages\/202","targetHints":{"allow":["GET"]}}],"collection":[{"href":"https:\/\/www.rr.senac.br\/portalsenac\/wp-json\/wp\/v2\/pages"}],"about":[{"href":"https:\/\/www.rr.senac.br\/portalsenac\/wp-json\/wp\/v2\/types\/page"}],"author":[{"embeddable":true,"href":"https:\/\/www.rr.senac.br\/portalsenac\/wp-json\/wp\/v2\/users\/1"}],"replies":[{"embeddable":true,"href":"https:\/\/www.rr.senac.br\/portalsenac\/wp-json\/wp\/v2\/comments?post=202"}],"version-history":[{"count":24,"href":"https:\/\/www.rr.senac.br\/portalsenac\/wp-json\/wp\/v2\/pages\/202\/revisions"}],"predecessor-version":[{"id":8328,"href":"https:\/\/www.rr.senac.br\/portalsenac\/wp-json\/wp\/v2\/pages\/202\/revisions\/8328"}],"wp:attachment":[{"href":"https:\/\/www.rr.senac.br\/portalsenac\/wp-json\/wp\/v2\/media?parent=202"}],"curies":[{"name":"wp","href":"https:\/\/api.w.org\/{rel}","templated":true}]}}