{"id":205,"date":"2021-03-09T17:43:24","date_gmt":"2021-03-09T20:43:24","guid":{"rendered":"http:\/\/rr.senac.local\/?page_id=205"},"modified":"2023-06-22T16:23:20","modified_gmt":"2023-06-22T19:23:20","slug":"acessibilidade","status":"publish","type":"page","link":"https:\/\/www.rr.senac.br\/portalsenac\/acessibilidade\/","title":{"rendered":"Acessibilidade"},"content":{"rendered":"\n<div style=\"height:40px\" aria-hidden=\"true\" class=\"wp-block-spacer\"><\/div>\n\n\n\n<p class=\"texto-justificado has-small-font-size\">Programa de \u00e2mbito nacional, com o objetivo de assegurar o ingresso e a perman\u00eancia de pessoas com defici\u00eancia nas a\u00e7\u00f5es educacionais do Senac, atrav\u00e9s da ado\u00e7\u00e3o de metodologias e recursos pedag\u00f3gicos adequados \u00e0s necessidades dos alunos, bem como, promover a forma\u00e7\u00e3o do quadro t\u00e9cnico pedag\u00f3gico e administrativo em educa\u00e7\u00e3o inclusiva.<\/p>\n\n\n\n<p class=\"texto-justificado has-small-font-size\">As a\u00e7\u00f5es do Programa, compreendem atividades de sensibiliza\u00e7\u00e3o e capacita\u00e7\u00e3o com o quadro t\u00e9cnico pedag\u00f3gico e administrativo, acerca da educa\u00e7\u00e3o inclusiva, em nossas a\u00e7\u00f5es educacionais, al\u00e9m de a\u00e7\u00f5es cont\u00ednuas de acompanhamento aos alunos com defici\u00eancia, inclusos nos cursos ofertados, atrav\u00e9s da adapta\u00e7\u00e3o dos mat\u00e9rias did\u00e1ticos. Faz parte das diretrizes, a cria\u00e7\u00e3o do Grupo Gestor do Programa Senac de Acessibilidade, composto por colaboradores da institui\u00e7\u00e3o, distribu\u00eddos entre v\u00e1rios setores da entidade.<\/p>\n\n\n\n<p class=\"texto-justificado has-small-font-size\">S\u00e3o alunos participando em cursos atrav\u00e9s do Programa Senac de Gratuidade, Pronatec e demais a\u00e7\u00f5es program\u00e1ticas da institui\u00e7\u00e3o.<\/p>\n\n\n\n<h4 class=\"alignfull wp-block-heading\">Entre algumas a\u00e7\u00f5es, podemos citar: &nbsp;<\/h4>\n\n\n\n<ul class=\"texto-justificado has-small-font-size wp-block-list\"><li>Realiza\u00e7\u00e3o de encontros com o quadro t\u00e9cnico pedag\u00f3gico e administrativo para promover a troca de informa\u00e7\u00f5es e conhecimento sobre acessibilidade e educa\u00e7\u00e3o inclusiva, em parceria com Centros de Atendimento e Conselhos de Direitos da Pessoa com Defici\u00eancia;<\/li><li>Realiza\u00e7\u00e3o de Oficinas com o quadro de instrutores, abordando temas como: Desafio da profissionaliza\u00e7\u00e3o da pessoa com defici\u00eancia, Instrumentos de Avalia\u00e7\u00e3o e Educa\u00e7\u00e3o Inclusiva, entre outros;<\/li><li>Encaminhamento ao Mercado de Trabalho de alunos com Defici\u00eancia, em parceria com o Banco de Oportunidades Senac.<\/li><\/ul>\n\n\n\n<p><\/p>\n\n\n\n<p><\/p>\n","protected":false},"excerpt":{"rendered":"<p>Programa de \u00e2mbito nacional, com o objetivo de assegurar o ingresso e a perman\u00eancia de pessoas com defici\u00eancia nas a\u00e7\u00f5es educacionais do Senac, atrav\u00e9s da ado\u00e7\u00e3o de metodologias e recursos pedag\u00f3gicos adequados \u00e0s necessidades dos alunos, bem como, promover a forma\u00e7\u00e3o do quadro t\u00e9cnico pedag\u00f3gico&hellip; <a class=\"more-link\" href=\"https:\/\/www.rr.senac.br\/portalsenac\/acessibilidade\/\">Continuar lendo <span class=\"screen-reader-text\">Acessibilidade<\/span><\/a><\/p>\n","protected":false},"author":1,"featured_media":0,"parent":0,"menu_order":0,"comment_status":"closed","ping_status":"closed","template":"","meta":{"_joinchat":[],"footnotes":""},"class_list":["post-205","page","type-page","status-publish","hentry","entry"],"jetpack_sharing_enabled":true,"_links":{"self":[{"href":"https:\/\/www.rr.senac.br\/portalsenac\/wp-json\/wp\/v2\/pages\/205","targetHints":{"allow":["GET"]}}],"collection":[{"href":"https:\/\/www.rr.senac.br\/portalsenac\/wp-json\/wp\/v2\/pages"}],"about":[{"href":"https:\/\/www.rr.senac.br\/portalsenac\/wp-json\/wp\/v2\/types\/page"}],"author":[{"embeddable":true,"href":"https:\/\/www.rr.senac.br\/portalsenac\/wp-json\/wp\/v2\/users\/1"}],"replies":[{"embeddable":true,"href":"https:\/\/www.rr.senac.br\/portalsenac\/wp-json\/wp\/v2\/comments?post=205"}],"version-history":[{"count":0,"href":"https:\/\/www.rr.senac.br\/portalsenac\/wp-json\/wp\/v2\/pages\/205\/revisions"}],"wp:attachment":[{"href":"https:\/\/www.rr.senac.br\/portalsenac\/wp-json\/wp\/v2\/media?parent=205"}],"curies":[{"name":"wp","href":"https:\/\/api.w.org\/{rel}","templated":true}]}}