{"id":633,"date":"2021-11-01T16:28:51","date_gmt":"2021-11-01T19:28:51","guid":{"rendered":"https:\/\/www.rr.senac.br\/portalsenac\/?page_id=633"},"modified":"2025-05-28T08:57:00","modified_gmt":"2025-05-28T12:57:00","slug":"lei-geral-de-protecao-de-dados-dpo","status":"publish","type":"page","link":"https:\/\/www.rr.senac.br\/portalsenac\/lei-geral-de-protecao-de-dados-dpo\/","title":{"rendered":"Lei Geral de Prote\u00e7\u00e3o de Dados \/ DPO"},"content":{"rendered":"\n<div style=\"height:40px\" aria-hidden=\"true\" class=\"wp-block-spacer\"><\/div>\n\n\n\n<div style=\"height:40px\" aria-hidden=\"true\" class=\"wp-block-spacer\"><\/div>\n\n\n\n<h4 class=\"wp-block-heading alignfull\"><strong><span style=\"color:#0071a1\" class=\"has-inline-color\">LEI GERAL DE PROTE\u00c7\u00c3O DE DADOS<\/span><\/strong><\/h4>\n\n\n\n<p class=\"texto-justificado has-small-font-size\">A Lei 13.709\/2018, mais conhecida como Lei Geral de Prote\u00e7\u00e3o de Dados \u2013 LGPD surgiu para iniciar uma nova fase de prote\u00e7\u00e3o de dados no Brasil.<br>O Senac Roraima \u00e9 uma institui\u00e7\u00e3o comprometida com a seguran\u00e7a das informa\u00e7\u00f5es e com a prote\u00e7\u00e3o de dados pessoais de todos com quem se relaciona, por isso, vem cumprindo com o que disp\u00f5e a Lei Geral de Prote\u00e7\u00e3o de Dados<br>Dessa forma, informamos que nosso compromisso \u00e9 garantir a seguran\u00e7a e a manuten\u00e7\u00e3o da prote\u00e7\u00e3o de todos os dados pessoais armazenadas em nossos bancos de dados, contra eventos n\u00e3o autorizados acidentais ou ilegais, de acordo com a legisla\u00e7\u00e3o vigente.<br>Atuamos de forma transparente, e assumimos o dever de utilizar os dados pessoais por n\u00f3s tratados, dentro das finalidades espec\u00edficas e leg\u00edtimas, garantindo assim todos os direitos de seus titulares.<br>Sendo assim, ressaltamos aos nossos usu\u00e1rios\/fornecedores\/clientes\/colaboradores que ao realizarem cadastro em nosso site (curso, processos seletivos, informa\u00e7\u00f5es adicionais), sejam precavidos e estejam certos de ter escolhido a uma senha forte, al\u00e9m de tomarem todos os cuidados com o n\u00e3o compartilhamento da mesa.<br>Alertamos ainda para o cuidado adicional com todos os dados pessoais de sua titularidade, pois seus dados s\u00e3o seu patrim\u00f4nio!<\/p>\n\n\n\n<h4 class=\"wp-block-heading alignfull\"><strong><span style=\"color:#0071a1\" class=\"has-inline-color\">CONCEITOS RELEVANTES SOBRE A LGPD E DIREITOS DOS TITULARES:<\/span><\/strong><\/h4>\n\n\n\n<p class=\"texto-justificado has-small-font-size\">O titular dos dados pessoais ganhou no texto da LGPD, uma aten\u00e7\u00e3o especial e esclarecedora sobre seus direitos. Veja abaixo alguns conceitos e orienta\u00e7\u00f5es que ajudar\u00e3o na compreens\u00e3o da LGPD.<\/p>\n\n\n\n<p class=\"texto-justificado has-small-font-size\">\u00b7 Titular: pessoa natural a quem se referem os dados pessoais que s\u00e3o objeto de tratamento.<br>\u00b7 Controlador: pessoa natural ou jur\u00eddica, de direito p\u00fablico ou privado, a quem competem as decis\u00f5es referentes ao tratamento de dados pessoais.<br>\u00b7 Operador: pessoa natural ou jur\u00eddica, de direito p\u00fablico ou privado, que realiza o tratamento de dados pessoais em nome do controlador.<br>\u00b7 Encarregado ou Data Protection Officer (DPO): pessoa indicada pelo controlador e operador para atuar como canal de comunica\u00e7\u00e3o entre o controlador, os titulares dos dados e a Autoridade Nacional de Prote\u00e7\u00e3o de Dados (ANPD);<br>\u00b7 Agentes de tratamento: o controlador e o operador.<br>\u00b7 Tratamento: toda e qualquer a\u00e7\u00e3o realizada com os dados pessoais de um titular, desde a coleta e armazenamento at\u00e9 o compartilhamento e uso;<br>\u00b7 Autoridade Nacional de Prote\u00e7\u00e3o de Dados (ANPD) \u00e9 o \u00f3rg\u00e3o respons\u00e1vel por implementar e gerenciar as regras da LGPD, garantindo que a Lei seja cumprida. A ANPD tamb\u00e9m \u00e9 respons\u00e1vel por realizar auditorias, assim como aplicar as devidas san\u00e7\u00f5es em casos comprovados de descumprimento da Lei.<\/p>\n\n\n\n<p class=\"texto-justificado has-small-font-size\">Primeiramente, entenda que \u00e9 um direito seu enquanto titular do dado pessoal N\u00c3O FORNEC\u00ca-LO. Mesmo sem o fornecimento de seus dados, voc\u00ea poder\u00e1 ainda navegar em nossa p\u00e1gina de internet, poder\u00e1 ver nossas publica\u00e7\u00f5es e se manter informado, por\u00e9m, caso voc\u00ea queira contratar os servi\u00e7os ou receber qualquer informa\u00e7\u00e3o, liga\u00e7\u00e3o ou outro contato do Senac-RR, somente poderemos fazer mediante a entrega de dados.<\/p>\n\n\n\n<h4 class=\"wp-block-heading alignfull\"><strong><span style=\"color:#0071a1\" class=\"has-inline-color\">VOC\u00ca, ENQUANTO TITULAR DE DADO PESSOAL, TEM O DIREITO DE:<\/span><\/strong><\/h4>\n\n\n\n<p class=\"texto-justificado has-small-font-size\">&#8211; Solicitar e confirmar a exist\u00eancia de dados pessoal em nossa base;<br>&#8211; Solicitar corre\u00e7\u00e3o, atualiza\u00e7\u00e3o ou complementa\u00e7\u00e3o dos dados existentes;<br>&#8211; Solicitar a exclus\u00e3o de dados, por\u00e9m, se existir uma hip\u00f3tese legal que impe\u00e7a a institui\u00e7\u00e3o de eliminar seus dados, os mesmos ficar\u00e3o sob nossa posse, enquanto controlador;<br>&#8211; Solicitar que seus dados pessoais de forma estruturada, sejam transmitidos a outro fornecedor de servi\u00e7o ou produto, ap\u00f3s solicita\u00e7\u00e3o;<br>&#8211; Solicitar que seus dados pessoais tratados se tornem an\u00f4nimos, solicitando o bloqueio ou a elimina\u00e7\u00e3o das informa\u00e7\u00f5es consideradas desnecess\u00e1rias ou excessivas para a presta\u00e7\u00e3o dos nossos servi\u00e7os. Sempre lembrando que se houver qualquer hip\u00f3tese legal para a perman\u00eancia, haver\u00e1 a necessidade de continuidade do tratamento.<br>&#8211; Fornecer e revogar, a qualquer momento, o consentimento dado. Alertando para a seguinte informa\u00e7\u00e3o: H\u00e1 hip\u00f3teses em que o fornecimento de dados n\u00e3o ter\u00e1 como base o consentimento.<br>&#8211; Apresentar ao Senac-RR ou \u00e0 ANPD qualquer tipo de solicita\u00e7\u00e3o, preocupa\u00e7\u00e3o ou at\u00e9 mesmo reclama\u00e7\u00e3o sobre a utiliza\u00e7\u00e3o do seu dado pessoal;<br>Colocamo-nos \u00e0 sua disposi\u00e7\u00e3o atrav\u00e9s do formul\u00e1rio abaixo e converse com a gente.<\/p>\n\n\n\n<div style=\"height:20px\" aria-hidden=\"true\" class=\"wp-block-spacer\"><\/div>\n\n\n\n<p class=\"has-small-font-size\" style=\"line-height:1.4\">E-mail:&nbsp;<a href=\"mailto:lgpd@rr.senac.br\">lgpd@rr.senac.br<\/a><\/p>\n\n\n\n<hr class=\"wp-block-separator has-text-color has-css-opacity has-background is-style-dots\" style=\"background-color:#9c9c9c;color:#9c9c9c\"\/>\n\n\n<div class=\"wpforms-container wpforms-container-full wpforms-block wpforms-block-f36d93eb-c75e-4897-bb6e-bf06f064130e\" id=\"wpforms-643\"><form id=\"wpforms-form-643\" class=\"wpforms-validate wpforms-form wpforms-ajax-form\" data-formid=\"643\" method=\"post\" enctype=\"multipart\/form-data\" action=\"\/portalsenac\/wp-json\/wp\/v2\/pages\/633\" data-token=\"7915268b7006e243c719d3d904738ee2\"><noscript class=\"wpforms-error-noscript\">Ative o JavaScript no seu navegador para preencher este formul\u00e1rio.<\/noscript><div class=\"wpforms-field-container\"><div id=\"wpforms-643-field_0-container\" class=\"wpforms-field wpforms-field-name\" data-field-id=\"0\"><label class=\"wpforms-field-label\" for=\"wpforms-643-field_0\">Nome: <span class=\"wpforms-required-label\">*<\/span><\/label><input type=\"text\" id=\"wpforms-643-field_0\" class=\"wpforms-field-medium wpforms-field-required\" name=\"wpforms[fields][0]\" required><\/div><div id=\"wpforms-643-field_1-container\" class=\"wpforms-field wpforms-field-email\" data-field-id=\"1\"><label class=\"wpforms-field-label\" for=\"wpforms-643-field_1\">Email: <span class=\"wpforms-required-label\">*<\/span><\/label><input type=\"email\" id=\"wpforms-643-field_1\" class=\"wpforms-field-medium wpforms-field-required\" name=\"wpforms[fields][1]\" spellcheck=\"false\" required><\/div><div id=\"wpforms-643-field_4-container\" class=\"wpforms-field wpforms-field-select wpforms-field-select-style-classic\" data-field-id=\"4\"><label class=\"wpforms-field-label\" for=\"wpforms-643-field_4\">Op\u00e7\u00f5es para contato:<\/label><select id=\"wpforms-643-field_4\" class=\"wpforms-field-medium\" name=\"wpforms[fields][4]\"><option value=\"D\u00favidas\" >D\u00favidas<\/option><option value=\"Requisi\u00e7\u00e3o de direito\" >Requisi\u00e7\u00e3o de direito<\/option><option value=\"Fale com o DPO (Encarregado de Dados)\" >Fale com o DPO (Encarregado de Dados)<\/option><\/select><\/div><div id=\"wpforms-643-field_2-container\" class=\"wpforms-field wpforms-field-textarea\" data-field-id=\"2\"><label class=\"wpforms-field-label\" for=\"wpforms-643-field_2\">Mensagem: <span class=\"wpforms-required-label\">*<\/span><\/label><textarea id=\"wpforms-643-field_2\" class=\"wpforms-field-medium wpforms-field-required\" name=\"wpforms[fields][2]\" required><\/textarea><\/div><div id=\"wpforms-643-field_3-container\" class=\"wpforms-field wpforms-field-checkbox\" data-field-id=\"3\"><label class=\"wpforms-field-label\" for=\"wpforms-643-field_3\">Termo <span class=\"wpforms-required-label\">*<\/span><\/label><ul id=\"wpforms-643-field_3\" class=\"wpforms-field-required\"><li class=\"choice-1 depth-1 wpforms-selected\"><input type=\"checkbox\" id=\"wpforms-643-field_3_1\" name=\"wpforms[fields][3][]\" value=\"Sim! Autorizo.\" required  checked='checked'><label class=\"wpforms-field-label-inline\" for=\"wpforms-643-field_3_1\">Sim! Autorizo.<\/label><\/li><\/ul><div class=\"wpforms-field-description wpforms-disclaimer-description\">Ao encaminhar esta mensagem e fornecer os dados para a finalidade de dar cumprimento aos direitos dos titulares previstos na Lei Geral de Prote\u00e7\u00e3o de Dados (lei 13.709\/2018), concordo com a Pol\u00edtica de Privacidade e autorizo o tratamento de meus dados para essa finalidade, Por fim, declaro ter conhecimento que caso se fa\u00e7a necess\u00e1rio, ser\u00e3o solicitados documentos e informa\u00e7\u00f5es adicionais que comprovem a autenticidade da identidade fornecida, para identificar o prop\u00f3sito e a verifica\u00e7\u00e3o da autoriza\u00e7\u00e3o, especialmente, para garantir a privacidade de meus dados pessoais.<\/div><\/div><\/div><!-- .wpforms-field-container --><div class=\"wpforms-recaptcha-container wpforms-is-recaptcha\" ><div class=\"g-recaptcha\" data-sitekey=\"6Lcx04saAAAAANO4kOYkz4JB8YJrm3-3TNFbD57l\"><\/div><input type=\"text\" name=\"g-recaptcha-hidden\" class=\"wpforms-recaptcha-hidden\" style=\"position:absolute!important;clip:rect(0,0,0,0)!important;height:1px!important;width:1px!important;border:0!important;overflow:hidden!important;padding:0!important;margin:0!important;\" data-rule-recaptcha=\"1\"><\/div><div class=\"wpforms-submit-container\" ><input type=\"hidden\" name=\"wpforms[id]\" value=\"643\"><input type=\"hidden\" name=\"wpforms[author]\" value=\"1\"><button type=\"submit\" name=\"wpforms[submit]\" id=\"wpforms-submit-643\" class=\"wpforms-submit\" data-alt-text=\"Enviando...\" data-submit-text=\"Enviar\" aria-live=\"assertive\" value=\"wpforms-submit\">Enviar<\/button><img decoding=\"async\" src=\"https:\/\/www.rr.senac.br\/portalsenac\/wp-content\/plugins\/wpforms\/assets\/images\/submit-spin.svg\" class=\"wpforms-submit-spinner\" style=\"display: none;\" width=\"26\" height=\"26\" alt=\"Carregando\"><\/div><\/form><\/div>  <!-- .wpforms-container -->\n\n\n<div class=\"wp-block-buttons alignfull is-horizontal is-content-justification-center is-layout-flex wp-container-core-buttons-is-layout-499968f5 wp-block-buttons-is-layout-flex\">\n<div class=\"wp-block-button has-custom-width wp-block-button__width-25 is-style-fill\"><a class=\"wp-block-button__link has-background has-custom-font-size wp-element-button\" style=\"border-radius:50px;background-color:#7373e5;font-size:10px\">[icon name=&#8221;download&#8221; prefix=&#8221;fas&#8221;] <strong>Cartilha Informativa do DR sobre a LGPD<\/strong><\/a><\/div>\n\n\n\n<div class=\"wp-block-button has-custom-width wp-block-button__width-25\"><a class=\"wp-block-button__link has-background has-custom-font-size wp-element-button\" style=\"border-radius:50px;background-color:#df962a;font-size:10px\">[icon name=&#8221;download&#8221; prefix=&#8221;fas&#8221;] <strong>Pol\u00edtica de Privacidade e Prote\u00e7\u00e3o de Dados<\/strong><\/a><\/div>\n\n\n\n<div class=\"wp-block-button has-custom-width wp-block-button__width-25\"><a class=\"wp-block-button__link has-background has-custom-font-size wp-element-button\" style=\"border-radius:50px;background-color:#f65558;font-size:10px\">[icon name=&#8221;download&#8221; prefix=&#8221;fas&#8221;] <strong>&nbsp;Pol\u00edtica de Seguran\u00e7a da Informa\u00e7\u00e3o<\/strong><\/a><\/div>\n<\/div>\n\n\n\n<div style=\"height:40px\" aria-hidden=\"true\" class=\"wp-block-spacer\"><\/div>\n","protected":false},"excerpt":{"rendered":"<p>LEI GERAL DE PROTE\u00c7\u00c3O DE DADOS A Lei 13.709\/2018, mais conhecida como Lei Geral de Prote\u00e7\u00e3o de Dados \u2013 LGPD surgiu para iniciar uma nova fase de prote\u00e7\u00e3o de dados no Brasil.O Senac Roraima \u00e9 uma institui\u00e7\u00e3o comprometida com a seguran\u00e7a das informa\u00e7\u00f5es e com&hellip; <a class=\"more-link\" href=\"https:\/\/www.rr.senac.br\/portalsenac\/lei-geral-de-protecao-de-dados-dpo\/\">Continuar lendo <span class=\"screen-reader-text\">Lei Geral de Prote\u00e7\u00e3o de Dados \/ DPO<\/span><\/a><\/p>\n","protected":false},"author":1,"featured_media":0,"parent":0,"menu_order":0,"comment_status":"closed","ping_status":"closed","template":"","meta":{"_joinchat":{"telephone":"+5595984209992"},"footnotes":""},"class_list":["post-633","page","type-page","status-publish","hentry","entry"],"jetpack_sharing_enabled":true,"_links":{"self":[{"href":"https:\/\/www.rr.senac.br\/portalsenac\/wp-json\/wp\/v2\/pages\/633","targetHints":{"allow":["GET"]}}],"collection":[{"href":"https:\/\/www.rr.senac.br\/portalsenac\/wp-json\/wp\/v2\/pages"}],"about":[{"href":"https:\/\/www.rr.senac.br\/portalsenac\/wp-json\/wp\/v2\/types\/page"}],"author":[{"embeddable":true,"href":"https:\/\/www.rr.senac.br\/portalsenac\/wp-json\/wp\/v2\/users\/1"}],"replies":[{"embeddable":true,"href":"https:\/\/www.rr.senac.br\/portalsenac\/wp-json\/wp\/v2\/comments?post=633"}],"version-history":[{"count":4,"href":"https:\/\/www.rr.senac.br\/portalsenac\/wp-json\/wp\/v2\/pages\/633\/revisions"}],"predecessor-version":[{"id":8511,"href":"https:\/\/www.rr.senac.br\/portalsenac\/wp-json\/wp\/v2\/pages\/633\/revisions\/8511"}],"wp:attachment":[{"href":"https:\/\/www.rr.senac.br\/portalsenac\/wp-json\/wp\/v2\/media?parent=633"}],"curies":[{"name":"wp","href":"https:\/\/api.w.org\/{rel}","templated":true}]}}