{"id":748,"date":"2021-11-05T12:03:52","date_gmt":"2021-11-05T15:03:52","guid":{"rendered":"https:\/\/www.rr.senac.br\/portalsenac\/?page_id=748"},"modified":"2025-05-28T16:56:34","modified_gmt":"2025-05-28T20:56:34","slug":"todas-as-noticias","status":"publish","type":"page","link":"https:\/\/www.rr.senac.br\/portalsenac\/todas-as-noticias\/","title":{"rendered":"Todas as Not\u00edcias"},"content":{"rendered":"\t\t<div data-elementor-type=\"wp-page\" data-elementor-id=\"748\" class=\"elementor elementor-748\" data-elementor-post-type=\"page\">\n\t\t\t\t\t\t<section class=\"elementor-section elementor-top-section elementor-element elementor-element-e044963 elementor-section-height-min-height elementor-section-boxed elementor-section-height-default elementor-section-items-middle\" data-id=\"e044963\" data-element_type=\"section\" data-settings=\"{&quot;background_background&quot;:&quot;classic&quot;}\">\n\t\t\t\t\t\t<div class=\"elementor-container elementor-column-gap-default\">\n\t\t\t\t\t<div class=\"elementor-column elementor-col-100 elementor-top-column elementor-element elementor-element-c09f4e4\" data-id=\"c09f4e4\" data-element_type=\"column\">\n\t\t\t<div class=\"elementor-widget-wrap elementor-element-populated\">\n\t\t\t\t\t\t<div class=\"elementor-element elementor-element-cb2d9b5 elementor-widget elementor-widget-jet-blog-text-ticker\" data-id=\"cb2d9b5\" data-element_type=\"widget\" data-widget_type=\"jet-blog-text-ticker.default\">\n\t\t\t\t<div class=\"elementor-widget-container\">\n\t\t\t\t\t<div class=\"elementor-jet-blog-text-ticker jet-blog\"><div class=\"jet-text-ticker\">\n\t\t\t<div class=\"jet-text-ticker__posts-wrap\">\n\t\t<div class=\"jet-text-ticker__posts\" data-slider-atts='{\"slidesToShow\":1,\"slidesToScroll\":1,\"fade\":true,\"arrows\":true,\"prevArrow\":\"<i class=\\\"jet-arrow-prev jet-blog-arrow\\\"><svg width=\\\"24\\\" height=\\\"24\\\" viewBox=\\\"0 0 24 24\\\" fill=\\\"none\\\" xmlns=\\\"http:\\\/\\\/www.w3.org\\\/2000\\\/svg\\\"><path d=\\\"M14.625 5.3999L16.3 7.0749L11.35 12.0249L16.3 16.9749L14.625 18.6499L7.99999 12.0249L14.625 5.3999Z\\\" fill=\\\"#0F172A\\\"\\\/><\\\/svg><\\\/i>\",\"nextArrow\":\"<i class=\\\"jet-arrow-next jet-blog-arrow\\\"><svg width=\\\"24\\\" height=\\\"24\\\" viewBox=\\\"0 0 24 24\\\" fill=\\\"none\\\" xmlns=\\\"http:\\\/\\\/www.w3.org\\\/2000\\\/svg\\\"><path d=\\\"M9.37501 18.6001L7.70001 16.9251L12.65 11.9751L7.70001 7.0251L9.37501 5.3501L16 11.9751L9.37501 18.6001Z\\\" fill=\\\"#0F172A\\\"\\\/><\\\/svg><\\\/i>\",\"autoplay\":true,\"autoplaySpeed\":5000}' dir=\"ltr\" data-typing=\"1\">\t\t\t\t<div class=\"jet-text-ticker__item\">\n\t\t\t\t\t<div class=\"jet-text-ticker__item-content jet-use-typing\">\n\t\t\t\t\t\t<img decoding=\"async\" width=\"50\" height=\"33\" src=\"https:\/\/i0.wp.com\/www.rr.senac.br\/portalsenac\/wp-content\/uploads\/2026\/04\/senac_roraima_campeonato_de_bartender.jpeg?fit=50%2C33&amp;ssl=1\" class=\"jet-text-ticker__post-thumb jet-blog-hidden-tablet jet-blog-hidden-mobile wp-post-image\" alt=\"Edital lan\u00e7ado: 14\u00aa Edi\u00e7\u00e3o do Campeonato de Bartender do Senac\/RR est\u00e1 com inscri\u00e7\u00f5es abertas\" title=\"Edital lan\u00e7ado: 14\u00aa Edi\u00e7\u00e3o do Campeonato de Bartender do Senac\/RR est\u00e1 com inscri\u00e7\u00f5es abertas\" srcset=\"https:\/\/i0.wp.com\/www.rr.senac.br\/portalsenac\/wp-content\/uploads\/2026\/04\/senac_roraima_campeonato_de_bartender.jpeg?w=1600&amp;ssl=1 1600w, https:\/\/i0.wp.com\/www.rr.senac.br\/portalsenac\/wp-content\/uploads\/2026\/04\/senac_roraima_campeonato_de_bartender.jpeg?resize=300%2C200&amp;ssl=1 300w, https:\/\/i0.wp.com\/www.rr.senac.br\/portalsenac\/wp-content\/uploads\/2026\/04\/senac_roraima_campeonato_de_bartender.jpeg?resize=1024%2C682&amp;ssl=1 1024w, https:\/\/i0.wp.com\/www.rr.senac.br\/portalsenac\/wp-content\/uploads\/2026\/04\/senac_roraima_campeonato_de_bartender.jpeg?resize=768%2C512&amp;ssl=1 768w, https:\/\/i0.wp.com\/www.rr.senac.br\/portalsenac\/wp-content\/uploads\/2026\/04\/senac_roraima_campeonato_de_bartender.jpeg?resize=1536%2C1023&amp;ssl=1 1536w, https:\/\/i0.wp.com\/www.rr.senac.br\/portalsenac\/wp-content\/uploads\/2026\/04\/senac_roraima_campeonato_de_bartender.jpeg?resize=1568%2C1045&amp;ssl=1 1568w\" sizes=\"(max-width: 50px) 100vw, 50px\" style=\"width:100%;height:100%;max-width:50px;\" \/>\t\t\t\t\t\t\t\t\t\t\t\t<div class=\"jet-text-ticker__post-date jet-blog-hidden-tablet jet-blog-hidden-mobile\"> 08:04<\/div>\t\t\t\t\t\t<div class=\"jet-text-ticker__item-typed-wrap\">\n\t\t\t\t\t\t\t<a href=\"https:\/\/www.rr.senac.br\/portalsenac\/edital-lancado-14a-edicao-do-campeonato-de-bartender-do-senac-rr-esta-com-inscricoes-abertas\/\" class=\"jet-text-ticker__item-typed\"><span class=\"jet-text-ticker__item-typed-inner\" data-typing-text=\"Edital lan\u00e7ado: 14\u00aa Edi\u00e7\u00e3o do Campeonato de Bartender do Senac\/RR est\u00e1 com inscri\u00e7\u00f5es abertas\">Edital lan\u00e7ado: 14\u00aa Edi\u00e7\u00e3o do Campeonato de Bartender do Senac\/RR est\u00e1 com inscri\u00e7\u00f5es abertas<\/span><\/a>\t\t\t\t\t\t<\/div>\n\t\t\t\t\t<\/div>\n\t\t\t\t<\/div>\n\t\t\t\t\t\t\t\t<div class=\"jet-text-ticker__item\">\n\t\t\t\t\t<div class=\"jet-text-ticker__item-content jet-use-typing\">\n\t\t\t\t\t\t<img decoding=\"async\" width=\"50\" height=\"50\" src=\"https:\/\/i0.wp.com\/www.rr.senac.br\/portalsenac\/wp-content\/uploads\/2024\/11\/img-site-campeonato-de-bartender.png?fit=50%2C50&amp;ssl=1\" class=\"jet-text-ticker__post-thumb jet-blog-hidden-tablet jet-blog-hidden-mobile wp-post-image\" alt=\"14\u00ba Campeonato de bartender do Senac Roraima 2026\" title=\"14\u00ba Campeonato de bartender do Senac Roraima 2026\" srcset=\"https:\/\/i0.wp.com\/www.rr.senac.br\/portalsenac\/wp-content\/uploads\/2024\/11\/img-site-campeonato-de-bartender.png?w=768&amp;ssl=1 768w, https:\/\/i0.wp.com\/www.rr.senac.br\/portalsenac\/wp-content\/uploads\/2024\/11\/img-site-campeonato-de-bartender.png?resize=300%2C300&amp;ssl=1 300w, https:\/\/i0.wp.com\/www.rr.senac.br\/portalsenac\/wp-content\/uploads\/2024\/11\/img-site-campeonato-de-bartender.png?resize=150%2C150&amp;ssl=1 150w\" sizes=\"(max-width: 50px) 100vw, 50px\" style=\"width:100%;height:100%;max-width:50px;\" \/>\t\t\t\t\t\t\t\t\t\t\t\t<div class=\"jet-text-ticker__post-date jet-blog-hidden-tablet jet-blog-hidden-mobile\"> 10:25<\/div>\t\t\t\t\t\t<div class=\"jet-text-ticker__item-typed-wrap\">\n\t\t\t\t\t\t\t<a href=\"https:\/\/www.rr.senac.br\/portalsenac\/14o-campeonato-de-bartender-do-senac-roraima-2026\/\" class=\"jet-text-ticker__item-typed\"><span class=\"jet-text-ticker__item-typed-inner\" data-typing-text=\"14\u00ba Campeonato de bartender do Senac Roraima 2026\">14\u00ba Campeonato de bartender do Senac Roraima 2026<\/span><\/a>\t\t\t\t\t\t<\/div>\n\t\t\t\t\t<\/div>\n\t\t\t\t<\/div>\n\t\t\t\t\t\t\t\t<div class=\"jet-text-ticker__item\">\n\t\t\t\t\t<div class=\"jet-text-ticker__item-content jet-use-typing\">\n\t\t\t\t\t\t<img decoding=\"async\" width=\"50\" height=\"33\" src=\"https:\/\/i0.wp.com\/www.rr.senac.br\/portalsenac\/wp-content\/uploads\/2025\/08\/cursos_gratis_senac-roraima_interiores.jpeg?fit=50%2C33&amp;ssl=1\" class=\"jet-text-ticker__post-thumb jet-blog-hidden-tablet jet-blog-hidden-mobile wp-post-image\" alt=\"Senac Roraima abre edital com mais de 50 vagas para o sul do estado\" title=\"Senac Roraima abre edital com mais de 50 vagas para o sul do estado\" srcset=\"https:\/\/i0.wp.com\/www.rr.senac.br\/portalsenac\/wp-content\/uploads\/2025\/08\/cursos_gratis_senac-roraima_interiores.jpeg?w=1500&amp;ssl=1 1500w, https:\/\/i0.wp.com\/www.rr.senac.br\/portalsenac\/wp-content\/uploads\/2025\/08\/cursos_gratis_senac-roraima_interiores.jpeg?resize=300%2C200&amp;ssl=1 300w, https:\/\/i0.wp.com\/www.rr.senac.br\/portalsenac\/wp-content\/uploads\/2025\/08\/cursos_gratis_senac-roraima_interiores.jpeg?resize=1024%2C683&amp;ssl=1 1024w, https:\/\/i0.wp.com\/www.rr.senac.br\/portalsenac\/wp-content\/uploads\/2025\/08\/cursos_gratis_senac-roraima_interiores.jpeg?resize=768%2C512&amp;ssl=1 768w\" sizes=\"(max-width: 50px) 100vw, 50px\" style=\"width:100%;height:100%;max-width:50px;\" \/>\t\t\t\t\t\t\t\t\t\t\t\t<div class=\"jet-text-ticker__post-date jet-blog-hidden-tablet jet-blog-hidden-mobile\"> 08:22<\/div>\t\t\t\t\t\t<div class=\"jet-text-ticker__item-typed-wrap\">\n\t\t\t\t\t\t\t<a href=\"https:\/\/www.rr.senac.br\/portalsenac\/senac-roraima-abre-edital-com-mais-de-50-vagas-para-o-sul-do-estado\/\" class=\"jet-text-ticker__item-typed\"><span class=\"jet-text-ticker__item-typed-inner\" data-typing-text=\"Senac Roraima abre edital com mais de 50 vagas para o sul do estado\">Senac Roraima abre edital com mais de 50 vagas para o sul do estado<\/span><\/a>\t\t\t\t\t\t<\/div>\n\t\t\t\t\t<\/div>\n\t\t\t\t<\/div>\n\t\t\t\t\t\t\t\t<div class=\"jet-text-ticker__item\">\n\t\t\t\t\t<div class=\"jet-text-ticker__item-content jet-use-typing\">\n\t\t\t\t\t\t<img loading=\"lazy\" decoding=\"async\" width=\"50\" height=\"33\" src=\"https:\/\/i0.wp.com\/www.rr.senac.br\/portalsenac\/wp-content\/uploads\/2026\/03\/cursos_gratuitos_beleza_senac_roraima.jpeg?fit=50%2C33&amp;ssl=1\" class=\"jet-text-ticker__post-thumb jet-blog-hidden-tablet jet-blog-hidden-mobile wp-post-image\" alt=\"PSG em Boa Vista (RR): Senac Roraima lan\u00e7a 268 vagas de cursos gratuitos com certifica\u00e7\u00f5es de at\u00e9 300h\" title=\"PSG em Boa Vista (RR): Senac Roraima lan\u00e7a 268 vagas de cursos gratuitos com certifica\u00e7\u00f5es de at\u00e9 300h\" srcset=\"https:\/\/i0.wp.com\/www.rr.senac.br\/portalsenac\/wp-content\/uploads\/2026\/03\/cursos_gratuitos_beleza_senac_roraima.jpeg?w=1600&amp;ssl=1 1600w, https:\/\/i0.wp.com\/www.rr.senac.br\/portalsenac\/wp-content\/uploads\/2026\/03\/cursos_gratuitos_beleza_senac_roraima.jpeg?resize=300%2C200&amp;ssl=1 300w, https:\/\/i0.wp.com\/www.rr.senac.br\/portalsenac\/wp-content\/uploads\/2026\/03\/cursos_gratuitos_beleza_senac_roraima.jpeg?resize=1024%2C682&amp;ssl=1 1024w, https:\/\/i0.wp.com\/www.rr.senac.br\/portalsenac\/wp-content\/uploads\/2026\/03\/cursos_gratuitos_beleza_senac_roraima.jpeg?resize=768%2C512&amp;ssl=1 768w, https:\/\/i0.wp.com\/www.rr.senac.br\/portalsenac\/wp-content\/uploads\/2026\/03\/cursos_gratuitos_beleza_senac_roraima.jpeg?resize=1536%2C1023&amp;ssl=1 1536w, https:\/\/i0.wp.com\/www.rr.senac.br\/portalsenac\/wp-content\/uploads\/2026\/03\/cursos_gratuitos_beleza_senac_roraima.jpeg?resize=1568%2C1045&amp;ssl=1 1568w\" sizes=\"(max-width: 50px) 100vw, 50px\" style=\"width:100%;height:100%;max-width:50px;\" \/>\t\t\t\t\t\t\t\t\t\t\t\t<div class=\"jet-text-ticker__post-date jet-blog-hidden-tablet jet-blog-hidden-mobile\"> 11:05<\/div>\t\t\t\t\t\t<div class=\"jet-text-ticker__item-typed-wrap\">\n\t\t\t\t\t\t\t<a href=\"https:\/\/www.rr.senac.br\/portalsenac\/novo-edital009-psg-senacrr-boavistarr\/\" class=\"jet-text-ticker__item-typed\"><span class=\"jet-text-ticker__item-typed-inner\" data-typing-text=\"PSG em Boa Vista (RR): Senac Roraima lan\u00e7a 268 vagas de cursos gratuitos com certifica\u00e7\u00f5es de at\u00e9 300h\">PSG em Boa Vista (RR): Senac Roraima lan\u00e7a 268 vagas de cursos gratuitos com certifica\u00e7\u00f5es de at\u00e9 300h<\/span><\/a>\t\t\t\t\t\t<\/div>\n\t\t\t\t\t<\/div>\n\t\t\t\t<\/div>\n\t\t\t\t\t\t\t\t<div class=\"jet-text-ticker__item\">\n\t\t\t\t\t<div class=\"jet-text-ticker__item-content jet-use-typing\">\n\t\t\t\t\t\t<img loading=\"lazy\" decoding=\"async\" width=\"50\" height=\"33\" src=\"https:\/\/i0.wp.com\/www.rr.senac.br\/portalsenac\/wp-content\/uploads\/2026\/03\/senacrr_contrate_um_aprendiz.jpeg?fit=50%2C33&amp;ssl=1\" class=\"jet-text-ticker__post-thumb jet-blog-hidden-tablet jet-blog-hidden-mobile wp-post-image\" alt=\"Contrate um Aprendiz: evento reuniu mais de 190 candidatos a vagas de aprendizagem profissional\" title=\"Contrate um Aprendiz: evento reuniu mais de 190 candidatos a vagas de aprendizagem profissional\" srcset=\"https:\/\/i0.wp.com\/www.rr.senac.br\/portalsenac\/wp-content\/uploads\/2026\/03\/senacrr_contrate_um_aprendiz.jpeg?w=1600&amp;ssl=1 1600w, https:\/\/i0.wp.com\/www.rr.senac.br\/portalsenac\/wp-content\/uploads\/2026\/03\/senacrr_contrate_um_aprendiz.jpeg?resize=300%2C200&amp;ssl=1 300w, https:\/\/i0.wp.com\/www.rr.senac.br\/portalsenac\/wp-content\/uploads\/2026\/03\/senacrr_contrate_um_aprendiz.jpeg?resize=1024%2C682&amp;ssl=1 1024w, https:\/\/i0.wp.com\/www.rr.senac.br\/portalsenac\/wp-content\/uploads\/2026\/03\/senacrr_contrate_um_aprendiz.jpeg?resize=768%2C512&amp;ssl=1 768w, https:\/\/i0.wp.com\/www.rr.senac.br\/portalsenac\/wp-content\/uploads\/2026\/03\/senacrr_contrate_um_aprendiz.jpeg?resize=1536%2C1023&amp;ssl=1 1536w, https:\/\/i0.wp.com\/www.rr.senac.br\/portalsenac\/wp-content\/uploads\/2026\/03\/senacrr_contrate_um_aprendiz.jpeg?resize=1568%2C1045&amp;ssl=1 1568w\" sizes=\"(max-width: 50px) 100vw, 50px\" style=\"width:100%;height:100%;max-width:50px;\" \/>\t\t\t\t\t\t\t\t\t\t\t\t<div class=\"jet-text-ticker__post-date jet-blog-hidden-tablet jet-blog-hidden-mobile\"> 17:05<\/div>\t\t\t\t\t\t<div class=\"jet-text-ticker__item-typed-wrap\">\n\t\t\t\t\t\t\t<a href=\"https:\/\/www.rr.senac.br\/portalsenac\/segunda-edicao-contrate-um-aprendiz-senac-roraima\/\" class=\"jet-text-ticker__item-typed\"><span class=\"jet-text-ticker__item-typed-inner\" data-typing-text=\"Contrate um Aprendiz: evento reuniu mais de 190 candidatos a vagas de aprendizagem profissional\">Contrate um Aprendiz: evento reuniu mais de 190 candidatos a vagas de aprendizagem profissional<\/span><\/a>\t\t\t\t\t\t<\/div>\n\t\t\t\t\t<\/div>\n\t\t\t\t<\/div>\n\t\t\t\t\t\t\t\t<div class=\"jet-text-ticker__item\">\n\t\t\t\t\t<div class=\"jet-text-ticker__item-content jet-use-typing\">\n\t\t\t\t\t\t<img loading=\"lazy\" decoding=\"async\" width=\"50\" height=\"33\" src=\"https:\/\/i0.wp.com\/www.rr.senac.br\/portalsenac\/wp-content\/uploads\/2026\/03\/cursos_tecnicos_gratis_senac_rr.jpeg?fit=50%2C33&amp;ssl=1\" class=\"jet-text-ticker__post-thumb jet-blog-hidden-tablet jet-blog-hidden-mobile wp-post-image\" alt=\"Forma\u00e7\u00f5es 100% gr\u00e1tis em Boa Vista (RR): Edital do PSG oferta cursos t\u00e9cnicos em massoterapia e est\u00e9tica\" title=\"Forma\u00e7\u00f5es 100% gr\u00e1tis em Boa Vista (RR): Edital do PSG oferta cursos t\u00e9cnicos em massoterapia e est\u00e9tica\" srcset=\"https:\/\/i0.wp.com\/www.rr.senac.br\/portalsenac\/wp-content\/uploads\/2026\/03\/cursos_tecnicos_gratis_senac_rr.jpeg?w=1600&amp;ssl=1 1600w, https:\/\/i0.wp.com\/www.rr.senac.br\/portalsenac\/wp-content\/uploads\/2026\/03\/cursos_tecnicos_gratis_senac_rr.jpeg?resize=300%2C200&amp;ssl=1 300w, https:\/\/i0.wp.com\/www.rr.senac.br\/portalsenac\/wp-content\/uploads\/2026\/03\/cursos_tecnicos_gratis_senac_rr.jpeg?resize=1024%2C682&amp;ssl=1 1024w, https:\/\/i0.wp.com\/www.rr.senac.br\/portalsenac\/wp-content\/uploads\/2026\/03\/cursos_tecnicos_gratis_senac_rr.jpeg?resize=768%2C512&amp;ssl=1 768w, https:\/\/i0.wp.com\/www.rr.senac.br\/portalsenac\/wp-content\/uploads\/2026\/03\/cursos_tecnicos_gratis_senac_rr.jpeg?resize=1536%2C1023&amp;ssl=1 1536w, https:\/\/i0.wp.com\/www.rr.senac.br\/portalsenac\/wp-content\/uploads\/2026\/03\/cursos_tecnicos_gratis_senac_rr.jpeg?resize=1568%2C1045&amp;ssl=1 1568w\" sizes=\"(max-width: 50px) 100vw, 50px\" style=\"width:100%;height:100%;max-width:50px;\" \/>\t\t\t\t\t\t\t\t\t\t\t\t<div class=\"jet-text-ticker__post-date jet-blog-hidden-tablet jet-blog-hidden-mobile\"> 14:20<\/div>\t\t\t\t\t\t<div class=\"jet-text-ticker__item-typed-wrap\">\n\t\t\t\t\t\t\t<a href=\"https:\/\/www.rr.senac.br\/portalsenac\/formacoes-100-gratis-em-boa-vista-rr-edital-do-psg-oferta-cursos-tecnicos-em-massoterapia-e-estetica\/\" class=\"jet-text-ticker__item-typed\"><span class=\"jet-text-ticker__item-typed-inner\" data-typing-text=\"Forma\u00e7\u00f5es 100% gr\u00e1tis em Boa Vista (RR): Edital do PSG oferta cursos t\u00e9cnicos em massoterapia e est\u00e9tica\">Forma\u00e7\u00f5es 100% gr\u00e1tis em Boa Vista (RR): Edital do PSG oferta cursos t\u00e9cnicos em massoterapia e est\u00e9tica<\/span><\/a>\t\t\t\t\t\t<\/div>\n\t\t\t\t\t<\/div>\n\t\t\t\t<\/div>\n\t\t\t\t\t\t\t\t<div class=\"jet-text-ticker__item\">\n\t\t\t\t\t<div class=\"jet-text-ticker__item-content jet-use-typing\">\n\t\t\t\t\t\t<img loading=\"lazy\" decoding=\"async\" width=\"50\" height=\"28\" src=\"https:\/\/i0.wp.com\/www.rr.senac.br\/portalsenac\/wp-content\/uploads\/2026\/03\/senacrr_cursos_gratis_rorainopolis.jpeg?fit=50%2C28&amp;ssl=1\" class=\"jet-text-ticker__post-thumb jet-blog-hidden-tablet jet-blog-hidden-mobile wp-post-image\" alt=\"Senac Roraima divulga curso gratuito de Assistente de Recursos Humanos em Rorain\u00f3polis\" title=\"Senac Roraima divulga curso gratuito de Assistente de Recursos Humanos em Rorain\u00f3polis\" srcset=\"https:\/\/i0.wp.com\/www.rr.senac.br\/portalsenac\/wp-content\/uploads\/2026\/03\/senacrr_cursos_gratis_rorainopolis.jpeg?w=1599&amp;ssl=1 1599w, https:\/\/i0.wp.com\/www.rr.senac.br\/portalsenac\/wp-content\/uploads\/2026\/03\/senacrr_cursos_gratis_rorainopolis.jpeg?resize=300%2C169&amp;ssl=1 300w, https:\/\/i0.wp.com\/www.rr.senac.br\/portalsenac\/wp-content\/uploads\/2026\/03\/senacrr_cursos_gratis_rorainopolis.jpeg?resize=1024%2C576&amp;ssl=1 1024w, https:\/\/i0.wp.com\/www.rr.senac.br\/portalsenac\/wp-content\/uploads\/2026\/03\/senacrr_cursos_gratis_rorainopolis.jpeg?resize=768%2C432&amp;ssl=1 768w, https:\/\/i0.wp.com\/www.rr.senac.br\/portalsenac\/wp-content\/uploads\/2026\/03\/senacrr_cursos_gratis_rorainopolis.jpeg?resize=1536%2C864&amp;ssl=1 1536w, https:\/\/i0.wp.com\/www.rr.senac.br\/portalsenac\/wp-content\/uploads\/2026\/03\/senacrr_cursos_gratis_rorainopolis.jpeg?resize=1568%2C882&amp;ssl=1 1568w\" sizes=\"(max-width: 50px) 100vw, 50px\" style=\"width:100%;height:100%;max-width:50px;\" \/>\t\t\t\t\t\t\t\t\t\t\t\t<div class=\"jet-text-ticker__post-date jet-blog-hidden-tablet jet-blog-hidden-mobile\"> 10:10<\/div>\t\t\t\t\t\t<div class=\"jet-text-ticker__item-typed-wrap\">\n\t\t\t\t\t\t\t<a href=\"https:\/\/www.rr.senac.br\/portalsenac\/senac-roraima-divulga-curso-gratuito-de-assistente-de-recursos-humanos-em-rorainopolis\/\" class=\"jet-text-ticker__item-typed\"><span class=\"jet-text-ticker__item-typed-inner\" data-typing-text=\"Senac Roraima divulga curso gratuito de Assistente de Recursos Humanos em Rorain\u00f3polis\">Senac Roraima divulga curso gratuito de Assistente de Recursos Humanos em Rorain\u00f3polis<\/span><\/a>\t\t\t\t\t\t<\/div>\n\t\t\t\t\t<\/div>\n\t\t\t\t<\/div>\n\t\t\t\t\t\t\t\t<div class=\"jet-text-ticker__item\">\n\t\t\t\t\t<div class=\"jet-text-ticker__item-content jet-use-typing\">\n\t\t\t\t\t\t<img loading=\"lazy\" decoding=\"async\" width=\"50\" height=\"33\" src=\"https:\/\/i0.wp.com\/www.rr.senac.br\/portalsenac\/wp-content\/uploads\/2026\/02\/curso_-doces_-de_pascoa_senac_rr.jpeg?fit=50%2C33&amp;ssl=1\" class=\"jet-text-ticker__post-thumb jet-blog-hidden-tablet jet-blog-hidden-mobile wp-post-image\" alt=\"Programa Senac de Gratuidade: novo edital \u00e9 destinado a Boa Vista (RR) e curso de Produ\u00e7\u00e3o de Doces de P\u00e1scoa \u00e9 destaque\" title=\"Programa Senac de Gratuidade: novo edital \u00e9 destinado a Boa Vista (RR) e curso de Produ\u00e7\u00e3o de Doces de P\u00e1scoa \u00e9 destaque\" srcset=\"https:\/\/i0.wp.com\/www.rr.senac.br\/portalsenac\/wp-content\/uploads\/2026\/02\/curso_-doces_-de_pascoa_senac_rr.jpeg?w=1600&amp;ssl=1 1600w, https:\/\/i0.wp.com\/www.rr.senac.br\/portalsenac\/wp-content\/uploads\/2026\/02\/curso_-doces_-de_pascoa_senac_rr.jpeg?resize=300%2C200&amp;ssl=1 300w, https:\/\/i0.wp.com\/www.rr.senac.br\/portalsenac\/wp-content\/uploads\/2026\/02\/curso_-doces_-de_pascoa_senac_rr.jpeg?resize=1024%2C682&amp;ssl=1 1024w, https:\/\/i0.wp.com\/www.rr.senac.br\/portalsenac\/wp-content\/uploads\/2026\/02\/curso_-doces_-de_pascoa_senac_rr.jpeg?resize=768%2C512&amp;ssl=1 768w, https:\/\/i0.wp.com\/www.rr.senac.br\/portalsenac\/wp-content\/uploads\/2026\/02\/curso_-doces_-de_pascoa_senac_rr.jpeg?resize=1536%2C1023&amp;ssl=1 1536w, https:\/\/i0.wp.com\/www.rr.senac.br\/portalsenac\/wp-content\/uploads\/2026\/02\/curso_-doces_-de_pascoa_senac_rr.jpeg?resize=1568%2C1045&amp;ssl=1 1568w\" sizes=\"(max-width: 50px) 100vw, 50px\" style=\"width:100%;height:100%;max-width:50px;\" \/>\t\t\t\t\t\t\t\t\t\t\t\t<div class=\"jet-text-ticker__post-date jet-blog-hidden-tablet jet-blog-hidden-mobile\"> 17:26<\/div>\t\t\t\t\t\t<div class=\"jet-text-ticker__item-typed-wrap\">\n\t\t\t\t\t\t\t<a href=\"https:\/\/www.rr.senac.br\/portalsenac\/programa-senac-de-gratuidade-novo-edital-e-destinado-a-boa-vista-rr-e-curso-de-producao-de-doces-de-pascoa-e-destaque\/\" class=\"jet-text-ticker__item-typed\"><span class=\"jet-text-ticker__item-typed-inner\" data-typing-text=\"Programa Senac de Gratuidade: novo edital \u00e9 destinado a Boa Vista (RR) e curso de Produ\u00e7\u00e3o de Doces de P\u00e1scoa \u00e9 destaque\">Programa Senac de Gratuidade: novo edital \u00e9 destinado a Boa Vista (RR) e curso de Produ\u00e7\u00e3o de Doces de P\u00e1scoa \u00e9 destaque<\/span><\/a>\t\t\t\t\t\t<\/div>\n\t\t\t\t\t<\/div>\n\t\t\t\t<\/div>\n\t\t\t\t\t\t\t\t<div class=\"jet-text-ticker__item\">\n\t\t\t\t\t<div class=\"jet-text-ticker__item-content jet-use-typing\">\n\t\t\t\t\t\t<img loading=\"lazy\" decoding=\"async\" width=\"50\" height=\"33\" src=\"https:\/\/i0.wp.com\/www.rr.senac.br\/portalsenac\/wp-content\/uploads\/2026\/02\/senac_cursos_gratis_gastronomia.jpeg?fit=50%2C33&amp;ssl=1\" class=\"jet-text-ticker__post-thumb jet-blog-hidden-tablet jet-blog-hidden-mobile wp-post-image\" alt=\"Senac em Roraima torna p\u00fablico novo edital de cursos gr\u00e1tis para S\u00e3o Luiz do Anau\u00e1\" title=\"Senac em Roraima torna p\u00fablico novo edital de cursos gr\u00e1tis para S\u00e3o Luiz do Anau\u00e1\" srcset=\"https:\/\/i0.wp.com\/www.rr.senac.br\/portalsenac\/wp-content\/uploads\/2026\/02\/senac_cursos_gratis_gastronomia.jpeg?w=1600&amp;ssl=1 1600w, https:\/\/i0.wp.com\/www.rr.senac.br\/portalsenac\/wp-content\/uploads\/2026\/02\/senac_cursos_gratis_gastronomia.jpeg?resize=300%2C200&amp;ssl=1 300w, https:\/\/i0.wp.com\/www.rr.senac.br\/portalsenac\/wp-content\/uploads\/2026\/02\/senac_cursos_gratis_gastronomia.jpeg?resize=1024%2C682&amp;ssl=1 1024w, https:\/\/i0.wp.com\/www.rr.senac.br\/portalsenac\/wp-content\/uploads\/2026\/02\/senac_cursos_gratis_gastronomia.jpeg?resize=768%2C512&amp;ssl=1 768w, https:\/\/i0.wp.com\/www.rr.senac.br\/portalsenac\/wp-content\/uploads\/2026\/02\/senac_cursos_gratis_gastronomia.jpeg?resize=1536%2C1023&amp;ssl=1 1536w, https:\/\/i0.wp.com\/www.rr.senac.br\/portalsenac\/wp-content\/uploads\/2026\/02\/senac_cursos_gratis_gastronomia.jpeg?resize=1568%2C1045&amp;ssl=1 1568w\" sizes=\"(max-width: 50px) 100vw, 50px\" style=\"width:100%;height:100%;max-width:50px;\" \/>\t\t\t\t\t\t\t\t\t\t\t\t<div class=\"jet-text-ticker__post-date jet-blog-hidden-tablet jet-blog-hidden-mobile\"> 17:41<\/div>\t\t\t\t\t\t<div class=\"jet-text-ticker__item-typed-wrap\">\n\t\t\t\t\t\t\t<a href=\"https:\/\/www.rr.senac.br\/portalsenac\/novo-edital-cursos-gratuitos-senacrr\/\" class=\"jet-text-ticker__item-typed\"><span class=\"jet-text-ticker__item-typed-inner\" data-typing-text=\"Senac em Roraima torna p\u00fablico novo edital de cursos gr\u00e1tis para S\u00e3o Luiz do Anau\u00e1\">Senac em Roraima torna p\u00fablico novo edital de cursos gr\u00e1tis para S\u00e3o Luiz do Anau\u00e1<\/span><\/a>\t\t\t\t\t\t<\/div>\n\t\t\t\t\t<\/div>\n\t\t\t\t<\/div>\n\t\t\t\t\t\t\t\t<div class=\"jet-text-ticker__item\">\n\t\t\t\t\t<div class=\"jet-text-ticker__item-content jet-use-typing\">\n\t\t\t\t\t\t<img loading=\"lazy\" decoding=\"async\" width=\"50\" height=\"33\" src=\"https:\/\/i0.wp.com\/www.rr.senac.br\/portalsenac\/wp-content\/uploads\/2026\/01\/senac_80_anos_abertura_das_atividades.jpeg?fit=50%2C33&amp;ssl=1\" class=\"jet-text-ticker__post-thumb jet-blog-hidden-tablet jet-blog-hidden-mobile wp-post-image\" alt=\"Regional Roraima abre as atividades de 2026 comemorando 80 anos de tradi\u00e7\u00e3o do nome Senac no Brasil\" title=\"Regional Roraima abre as atividades de 2026 comemorando 80 anos de tradi\u00e7\u00e3o do nome Senac no Brasil\" srcset=\"https:\/\/i0.wp.com\/www.rr.senac.br\/portalsenac\/wp-content\/uploads\/2026\/01\/senac_80_anos_abertura_das_atividades.jpeg?w=1600&amp;ssl=1 1600w, https:\/\/i0.wp.com\/www.rr.senac.br\/portalsenac\/wp-content\/uploads\/2026\/01\/senac_80_anos_abertura_das_atividades.jpeg?resize=300%2C200&amp;ssl=1 300w, https:\/\/i0.wp.com\/www.rr.senac.br\/portalsenac\/wp-content\/uploads\/2026\/01\/senac_80_anos_abertura_das_atividades.jpeg?resize=1024%2C682&amp;ssl=1 1024w, https:\/\/i0.wp.com\/www.rr.senac.br\/portalsenac\/wp-content\/uploads\/2026\/01\/senac_80_anos_abertura_das_atividades.jpeg?resize=768%2C512&amp;ssl=1 768w, https:\/\/i0.wp.com\/www.rr.senac.br\/portalsenac\/wp-content\/uploads\/2026\/01\/senac_80_anos_abertura_das_atividades.jpeg?resize=1536%2C1023&amp;ssl=1 1536w, https:\/\/i0.wp.com\/www.rr.senac.br\/portalsenac\/wp-content\/uploads\/2026\/01\/senac_80_anos_abertura_das_atividades.jpeg?resize=1568%2C1045&amp;ssl=1 1568w\" sizes=\"(max-width: 50px) 100vw, 50px\" style=\"width:100%;height:100%;max-width:50px;\" \/>\t\t\t\t\t\t\t\t\t\t\t\t<div class=\"jet-text-ticker__post-date jet-blog-hidden-tablet jet-blog-hidden-mobile\"> 18:03<\/div>\t\t\t\t\t\t<div class=\"jet-text-ticker__item-typed-wrap\">\n\t\t\t\t\t\t\t<a href=\"https:\/\/www.rr.senac.br\/portalsenac\/regional-roraima-realiza-evento-de-abertura-das-atividades\/\" class=\"jet-text-ticker__item-typed\"><span class=\"jet-text-ticker__item-typed-inner\" data-typing-text=\"Regional Roraima abre as atividades de 2026 comemorando 80 anos de tradi\u00e7\u00e3o do nome Senac no Brasil\">Regional Roraima abre as atividades de 2026 comemorando 80 anos de tradi\u00e7\u00e3o do nome Senac no Brasil<\/span><\/a>\t\t\t\t\t\t<\/div>\n\t\t\t\t\t<\/div>\n\t\t\t\t<\/div>\n\t\t\t\t<\/div>\n\t<\/div>\n<\/div><\/div>\t\t\t\t<\/div>\n\t\t\t\t<\/div>\n\t\t\t\t\t<\/div>\n\t\t<\/div>\n\t\t\t\t\t<\/div>\n\t\t<\/section>\n\t\t<div class=\"elementor-element elementor-element-112b79b e-flex e-con-boxed e-con e-parent\" data-id=\"112b79b\" data-element_type=\"container\" data-settings=\"{&quot;background_background&quot;:&quot;classic&quot;,&quot;shape_divider_top&quot;:&quot;triangle-asymmetrical&quot;}\">\n\t\t\t\t\t<div class=\"e-con-inner\">\n\t\t\t\t<div class=\"elementor-shape elementor-shape-top\" aria-hidden=\"true\" data-negative=\"false\">\n\t\t\t<svg xmlns=\"http:\/\/www.w3.org\/2000\/svg\" viewBox=\"0 0 1000 100\" preserveAspectRatio=\"none\">\n\t<path class=\"elementor-shape-fill\" d=\"M738,99l262-93V0H0v5.6L738,99z\"\/>\n<\/svg>\t\t<\/div>\n\t\t\t\t<div class=\"elementor-element elementor-element-9b59cfd elementor-widget elementor-widget-jet-blog-smart-tiles\" data-id=\"9b59cfd\" data-element_type=\"widget\" data-widget_type=\"jet-blog-smart-tiles.default\">\n\t\t\t\t<div class=\"elementor-widget-container\">\n\t\t\t\t\t<div class=\"elementor-jet-blog-smart-tiles jet-blog\"><div class=\"jet-smart-tiles-wrap\" data-slider-atts='{\"adaptiveHeight\":true,\"arrows\":false,\"prevArrow\":\"<i class=\\\"jet-arrow-prev jet-blog-arrow\\\"><svg width=\\\"24\\\" height=\\\"24\\\" viewBox=\\\"0 0 24 24\\\" fill=\\\"none\\\" xmlns=\\\"http:\\\/\\\/www.w3.org\\\/2000\\\/svg\\\"><path d=\\\"M14.625 5.3999L16.3 7.0749L11.35 12.0249L16.3 16.9749L14.625 18.6499L7.99999 12.0249L14.625 5.3999Z\\\" fill=\\\"#0F172A\\\"\\\/><\\\/svg><\\\/i>\",\"nextArrow\":\"<i class=\\\"jet-arrow-next jet-blog-arrow\\\"><svg width=\\\"24\\\" height=\\\"24\\\" viewBox=\\\"0 0 24 24\\\" fill=\\\"none\\\" xmlns=\\\"http:\\\/\\\/www.w3.org\\\/2000\\\/svg\\\"><path d=\\\"M9.37501 18.6001L7.70001 16.9251L12.65 11.9751L7.70001 7.0251L9.37501 5.3501L16 11.9751L9.37501 18.6001Z\\\" fill=\\\"#0F172A\\\"\\\/><\\\/svg><\\\/i>\",\"autoplay\":false,\"autoplaySpeed\":5000,\"rtl\":false}' dir=\"ltr\"><div class=\"jet-smart-tiles-slide\"><div class=\"jet-smart-tiles-slide__wrap layout-1-2\" ><div class=\"jet-smart-tiles\">\n\t<div class=\"jet-smart-tiles__box\" style=\"background-image:url(&#039;https:\/\/i0.wp.com\/www.rr.senac.br\/portalsenac\/wp-content\/uploads\/2026\/04\/senac_roraima_campeonato_de_bartender.jpeg?fit=1600%2C1066&#038;ssl=1&#039;)\">\n\t\t<div class=\"jet-smart-tiles__terms\"><a href=\"https:\/\/www.rr.senac.br\/portalsenac\/category\/ultimas-noticias\/\" class=\"jet-smart-tiles__terms-link jet-smart-tiles__terms-link--12\">\u00daltimas Not\u00edcias<\/a><\/div>\t\t<div class=\"jet-smart-tiles__box-content\">\n\t\t\t<div class=\"jet-smart-tiles__box-content-inner\">\n\t\t\t\t<div class=\"jet-smart-tiles__meta\"><span class=\"post__date post-meta__item jet-smart-tiles__meta-item\"><span class=\"jet-smart-tiles__meta-icon jet-blog-icon\"><svg aria-hidden=\"true\" class=\"e-font-icon-svg e-fas-calendar-alt\" viewBox=\"0 0 448 512\" xmlns=\"http:\/\/www.w3.org\/2000\/svg\"><path d=\"M0 464c0 26.5 21.5 48 48 48h352c26.5 0 48-21.5 48-48V192H0v272zm320-196c0-6.6 5.4-12 12-12h40c6.6 0 12 5.4 12 12v40c0 6.6-5.4 12-12 12h-40c-6.6 0-12-5.4-12-12v-40zm0 128c0-6.6 5.4-12 12-12h40c6.6 0 12 5.4 12 12v40c0 6.6-5.4 12-12 12h-40c-6.6 0-12-5.4-12-12v-40zM192 268c0-6.6 5.4-12 12-12h40c6.6 0 12 5.4 12 12v40c0 6.6-5.4 12-12 12h-40c-6.6 0-12-5.4-12-12v-40zm0 128c0-6.6 5.4-12 12-12h40c6.6 0 12 5.4 12 12v40c0 6.6-5.4 12-12 12h-40c-6.6 0-12-5.4-12-12v-40zM64 268c0-6.6 5.4-12 12-12h40c6.6 0 12 5.4 12 12v40c0 6.6-5.4 12-12 12H76c-6.6 0-12-5.4-12-12v-40zm0 128c0-6.6 5.4-12 12-12h40c6.6 0 12 5.4 12 12v40c0 6.6-5.4 12-12 12H76c-6.6 0-12-5.4-12-12v-40zM400 64h-48V16c0-8.8-7.2-16-16-16h-32c-8.8 0-16 7.2-16 16v48H160V16c0-8.8-7.2-16-16-16h-32c-8.8 0-16 7.2-16 16v48H48C21.5 64 0 85.5 0 112v48h448v-48c0-26.5-21.5-48-48-48z\"><\/path><\/svg><\/span><span  class=\"post__date-link \" ><time datetime=\"2026-04-14T08:04:32-04:00\" title=\"2026-04-14T08:04:32-04:00\">14 de abril de 2026<\/time><\/span><\/span><\/div>\t\t\t\t\t\t\t\t<div class=\"jet-smart-tiles__box-title\">Edital lan\u00e7ado: 14\u00aa Edi\u00e7\u00e3o do Campeonato de Bartender do Senac\/RR est\u00e1 com inscri\u00e7\u00f5es abertas<\/div>\t\t\t\t\t\t\t\t\t\t\t\t\t\t\t\t\t\t\t<\/div>\n\t\t<\/div>\n\t\t<a href=\"https:\/\/www.rr.senac.br\/portalsenac\/edital-lancado-14a-edicao-do-campeonato-de-bartender-do-senac-rr-esta-com-inscricoes-abertas\/\" class=\"jet-smart-tiles__box-link\" aria-label=\"Edital lan\u00e7ado: 14\u00aa Edi\u00e7\u00e3o do Campeonato de Bartender do Senac\/RR est\u00e1 com inscri\u00e7\u00f5es abertas\"><\/a>\n\t<\/div>\n<\/div><div class=\"jet-smart-tiles\">\n\t<div class=\"jet-smart-tiles__box\" style=\"background-image:url(&#039;https:\/\/i0.wp.com\/www.rr.senac.br\/portalsenac\/wp-content\/uploads\/2025\/08\/cursos_gratis_senac-roraima_interiores.jpeg?fit=1500%2C1000&#038;ssl=1&#039;)\">\n\t\t<div class=\"jet-smart-tiles__terms\"><a href=\"https:\/\/www.rr.senac.br\/portalsenac\/category\/ultimas-noticias\/\" class=\"jet-smart-tiles__terms-link jet-smart-tiles__terms-link--12\">\u00daltimas Not\u00edcias<\/a><\/div>\t\t<div class=\"jet-smart-tiles__box-content\">\n\t\t\t<div class=\"jet-smart-tiles__box-content-inner\">\n\t\t\t\t<div class=\"jet-smart-tiles__meta\"><span class=\"post__date post-meta__item jet-smart-tiles__meta-item\"><span class=\"jet-smart-tiles__meta-icon jet-blog-icon\"><svg aria-hidden=\"true\" class=\"e-font-icon-svg e-fas-calendar-alt\" viewBox=\"0 0 448 512\" xmlns=\"http:\/\/www.w3.org\/2000\/svg\"><path d=\"M0 464c0 26.5 21.5 48 48 48h352c26.5 0 48-21.5 48-48V192H0v272zm320-196c0-6.6 5.4-12 12-12h40c6.6 0 12 5.4 12 12v40c0 6.6-5.4 12-12 12h-40c-6.6 0-12-5.4-12-12v-40zm0 128c0-6.6 5.4-12 12-12h40c6.6 0 12 5.4 12 12v40c0 6.6-5.4 12-12 12h-40c-6.6 0-12-5.4-12-12v-40zM192 268c0-6.6 5.4-12 12-12h40c6.6 0 12 5.4 12 12v40c0 6.6-5.4 12-12 12h-40c-6.6 0-12-5.4-12-12v-40zm0 128c0-6.6 5.4-12 12-12h40c6.6 0 12 5.4 12 12v40c0 6.6-5.4 12-12 12h-40c-6.6 0-12-5.4-12-12v-40zM64 268c0-6.6 5.4-12 12-12h40c6.6 0 12 5.4 12 12v40c0 6.6-5.4 12-12 12H76c-6.6 0-12-5.4-12-12v-40zm0 128c0-6.6 5.4-12 12-12h40c6.6 0 12 5.4 12 12v40c0 6.6-5.4 12-12 12H76c-6.6 0-12-5.4-12-12v-40zM400 64h-48V16c0-8.8-7.2-16-16-16h-32c-8.8 0-16 7.2-16 16v48H160V16c0-8.8-7.2-16-16-16h-32c-8.8 0-16 7.2-16 16v48H48C21.5 64 0 85.5 0 112v48h448v-48c0-26.5-21.5-48-48-48z\"><\/path><\/svg><\/span><span  class=\"post__date-link \" ><time datetime=\"2026-04-02T08:22:08-04:00\" title=\"2026-04-02T08:22:08-04:00\">2 de abril de 2026<\/time><\/span><\/span><\/div>\t\t\t\t\t\t\t\t<div class=\"jet-smart-tiles__box-title\">Senac Roraima abre edital com mais de 50 vagas para o sul do estado<\/div>\t\t\t\t\t\t\t\t\t\t\t\t\t\t\t\t\t\t\t<\/div>\n\t\t<\/div>\n\t\t<a href=\"https:\/\/www.rr.senac.br\/portalsenac\/senac-roraima-abre-edital-com-mais-de-50-vagas-para-o-sul-do-estado\/\" class=\"jet-smart-tiles__box-link\" aria-label=\"Senac Roraima abre edital com mais de 50 vagas para o sul do estado\"><\/a>\n\t<\/div>\n<\/div><div class=\"jet-smart-tiles\">\n\t<div class=\"jet-smart-tiles__box\" style=\"background-image:url(&#039;https:\/\/i0.wp.com\/www.rr.senac.br\/portalsenac\/wp-content\/uploads\/2026\/03\/cursos_gratuitos_beleza_senac_roraima.jpeg?fit=1600%2C1066&#038;ssl=1&#039;)\">\n\t\t<div class=\"jet-smart-tiles__terms\"><a href=\"https:\/\/www.rr.senac.br\/portalsenac\/category\/ultimas-noticias\/\" class=\"jet-smart-tiles__terms-link jet-smart-tiles__terms-link--12\">\u00daltimas Not\u00edcias<\/a><\/div>\t\t<div class=\"jet-smart-tiles__box-content\">\n\t\t\t<div class=\"jet-smart-tiles__box-content-inner\">\n\t\t\t\t<div class=\"jet-smart-tiles__meta\"><span class=\"post__date post-meta__item jet-smart-tiles__meta-item\"><span class=\"jet-smart-tiles__meta-icon jet-blog-icon\"><svg aria-hidden=\"true\" class=\"e-font-icon-svg e-fas-calendar-alt\" viewBox=\"0 0 448 512\" xmlns=\"http:\/\/www.w3.org\/2000\/svg\"><path d=\"M0 464c0 26.5 21.5 48 48 48h352c26.5 0 48-21.5 48-48V192H0v272zm320-196c0-6.6 5.4-12 12-12h40c6.6 0 12 5.4 12 12v40c0 6.6-5.4 12-12 12h-40c-6.6 0-12-5.4-12-12v-40zm0 128c0-6.6 5.4-12 12-12h40c6.6 0 12 5.4 12 12v40c0 6.6-5.4 12-12 12h-40c-6.6 0-12-5.4-12-12v-40zM192 268c0-6.6 5.4-12 12-12h40c6.6 0 12 5.4 12 12v40c0 6.6-5.4 12-12 12h-40c-6.6 0-12-5.4-12-12v-40zm0 128c0-6.6 5.4-12 12-12h40c6.6 0 12 5.4 12 12v40c0 6.6-5.4 12-12 12h-40c-6.6 0-12-5.4-12-12v-40zM64 268c0-6.6 5.4-12 12-12h40c6.6 0 12 5.4 12 12v40c0 6.6-5.4 12-12 12H76c-6.6 0-12-5.4-12-12v-40zm0 128c0-6.6 5.4-12 12-12h40c6.6 0 12 5.4 12 12v40c0 6.6-5.4 12-12 12H76c-6.6 0-12-5.4-12-12v-40zM400 64h-48V16c0-8.8-7.2-16-16-16h-32c-8.8 0-16 7.2-16 16v48H160V16c0-8.8-7.2-16-16-16h-32c-8.8 0-16 7.2-16 16v48H48C21.5 64 0 85.5 0 112v48h448v-48c0-26.5-21.5-48-48-48z\"><\/path><\/svg><\/span><span  class=\"post__date-link \" ><time datetime=\"2026-03-30T11:05:28-04:00\" title=\"2026-03-30T11:05:28-04:00\">30 de mar\u00e7o de 2026<\/time><\/span><\/span><\/div>\t\t\t\t\t\t\t\t<div class=\"jet-smart-tiles__box-title\">PSG em Boa Vista (RR): Senac Roraima lan\u00e7a 268 vagas de cursos gratuitos com certifica\u00e7\u00f5es de at\u00e9 300h<\/div>\t\t\t\t\t\t\t\t\t\t\t\t\t\t\t\t\t\t\t<\/div>\n\t\t<\/div>\n\t\t<a href=\"https:\/\/www.rr.senac.br\/portalsenac\/novo-edital009-psg-senacrr-boavistarr\/\" class=\"jet-smart-tiles__box-link\" aria-label=\"PSG em Boa Vista (RR): Senac Roraima lan\u00e7a 268 vagas de cursos gratuitos com certifica\u00e7\u00f5es de at\u00e9 300h\"><\/a>\n\t<\/div>\n<\/div><\/div><\/div><\/div><\/div>\t\t\t\t<\/div>\n\t\t\t\t<\/div>\n\t\t\t\t\t<\/div>\n\t\t\t\t<\/div>\n\t\t\t\t<section class=\"elementor-section elementor-top-section elementor-element elementor-element-3f68281 elementor-section-boxed elementor-section-height-default elementor-section-height-default\" data-id=\"3f68281\" data-element_type=\"section\" data-settings=\"{&quot;shape_divider_top&quot;:&quot;zigzag&quot;}\">\n\t\t\t\t\t<div class=\"elementor-shape elementor-shape-top\" aria-hidden=\"true\" data-negative=\"false\">\n\t\t\t<svg xmlns=\"http:\/\/www.w3.org\/2000\/svg\" viewBox=\"0 0 1800 5.8\" preserveAspectRatio=\"none\">\n  <path class=\"elementor-shape-fill\" d=\"M5.4.4l5.4 5.3L16.5.4l5.4 5.3L27.5.4 33 5.7 38.6.4l5.5 5.4h.1L49.9.4l5.4 5.3L60.9.4l5.5 5.3L72 .4l5.5 5.3L83.1.4l5.4 5.3L94.1.4l5.5 5.4h.2l5.6-5.4 5.5 5.3 5.6-5.3 5.4 5.3 5.6-5.3 5.5 5.3 5.6-5.3 5.5 5.4h.2l5.6-5.4 5.4 5.3L161 .4l5.4 5.3L172 .4l5.5 5.3 5.6-5.3 5.4 5.3 5.7-5.3 5.4 5.4h.2l5.6-5.4 5.5 5.3 5.6-5.3 5.5 5.3 5.6-5.3 5.4 5.3 5.6-5.3 5.5 5.4h.2l5.6-5.4 5.5 5.3L261 .4l5.4 5.3L272 .4l5.5 5.3 5.6-5.3 5.5 5.3 5.6-5.3 5.5 5.4h.1l5.7-5.4 5.4 5.3 5.6-5.3 5.5 5.3 5.6-5.3 5.4 5.3 5.7-5.3 5.4 5.4h.2l5.6-5.4 5.5 5.3L361 .4l5.5 5.3 5.6-5.3 5.4 5.3 5.6-5.3 5.5 5.3 5.6-5.3 5.5 5.4h.1l5.7-5.4 5.4 5.3 5.6-5.3 5.5 5.3 5.6-5.3 5.5 5.3 5.6-5.3 5.5 5.4h.1l5.6-5.4 5.5 5.3L461 .4l5.5 5.3 5.6-5.3 5.4 5.3 5.7-5.3 5.4 5.3 5.6-5.3 5.5 5.4h.2l5.6-5.4 5.5 5.3 5.6-5.3 5.4 5.3 5.6-5.3 5.5 5.3 5.6-5.3 5.5 5.4h.1L550 .4l5.4 5.3L561 .4l5.5 5.3 5.6-5.3 5.5 5.3 5.6-5.3 5.4 5.3 5.6-5.3 5.5 5.4h.2l5.6-5.4 5.5 5.3 5.6-5.3 5.4 5.3 5.7-5.3 5.4 5.3 5.6-5.3 5.5 5.4h.2L650 .4l5.5 5.3 5.6-5.3 5.4 5.3 5.6-5.3 5.5 5.3 5.6-5.3 5.5 5.3 5.6-5.3 5.4 5.4h.2l5.6-5.4 5.5 5.3 5.6-5.3 5.5 5.3 5.6-5.3 5.4 5.3 5.6-5.3 5.5 5.4h.2L750 .4l5.5 5.3 5.6-5.3 5.4 5.3 5.7-5.3 5.4 5.3 5.6-5.3 5.5 5.3 5.6-5.3 5.5 5.4h.1l5.7-5.4 5.4 5.3 5.6-5.3 5.5 5.3 5.6-5.3 5.5 5.3 5.6-5.3 5.4 5.4h.2L850 .4l5.5 5.3 5.6-5.3 5.5 5.3 5.6-5.3 5.4 5.3 5.6-5.3 5.5 5.3 5.6-5.3 5.5 5.4h.2l5.6-5.4 5.4 5.3 5.7-5.3 5.4 5.3 5.6-5.3 5.5 5.3 5.6-5.3 5.5 5.4h.1l5.7-5.4 5.4 5.3 5.6-5.3 5.5 5.3 5.6-5.3 5.5 5.3 5.6-5.3 5.4 5.3 5.6-5.3 5.5 5.4h.2l5.6-5.4 5.5 5.3 5.6-5.3 5.4 5.3 5.6-5.3 5.5 5.3 5.6-5.3 5.5 5.4h.2l5.6-5.4 5.4 5.3 5.7-5.3 5.4 5.3 5.6-5.3 5.5 5.3 5.6-5.3 5.5 5.3 5.6-5.3 5.4 5.4h.2l5.6-5.4 5.5 5.3 5.6-5.3 5.5 5.3 5.6-5.3 5.4 5.3 5.6-5.3 5.5 5.4h.2l5.6-5.4 5.5 5.3 5.6-5.3 5.4 5.3 5.6-5.3 5.5 5.3 5.6-5.3 5.5 5.3 5.6-5.3 5.5 5.4h.1l5.7-5.4 5.4 5.3 5.6-5.3 5.5 5.3 5.6-5.3 5.5 5.3 5.6-5.3 5.4 5.4h.2l5.6-5.4 5.5 5.3 5.6-5.3 5.5 5.3 5.6-5.3 5.4 5.3 5.6-5.3 5.5 5.3 5.6-5.3 5.5 5.4h.2l5.6-5.4 5.4 5.3 5.6-5.3 5.5 5.3 5.6-5.3 5.5 5.3 5.6-5.3 5.5 5.4h.1l5.7-5.4 5.4 5.3 5.6-5.3 5.5 5.3 5.6-5.3 5.5 5.3 5.6-5.3 5.4 5.3 5.6-5.3 5.5 5.4h.2l5.6-5.4 5.5 5.3 5.6-5.3 5.4 5.3 5.6-5.3 5.5 5.3 5.6-5.3 5.5 5.4h.2l5.6-5.4 5.4 5.3 5.6-5.3 5.5 5.3 5.6-5.3 5.5 5.3 5.6-5.3 5.4 5.3 5.7-5.3 5.4 5.4h.2l5.6-5.4 5.5 5.3 5.6-5.3 5.5 5.3 5.6-5.3 5.4 5.3 5.6-5.3 5.5 5.4h.2l5.6-5.4 5.5 5.3 5.6-5.3 5.4 5.3 5.6-5.3 5.5 5.3 5.6-5.3 5.5 5.3 5.6-5.3 5.5 5.4h.1l5.6-5.4 5.5 5.3 5.6-5.3 5.5 5.3 5.6-5.3 5.4 5.3 5.7-5.3 5.4 5.4h.2l5.6-5.4 5.5 5.3 5.6-5.3 5.5 5.3 5.6-5.3 5.4 5.3 5.6-5.3 5.5 5.3 5.6-5.3 5.5 5.4h.1l5.7-5.4 5.4 5.3 5.6-5.3 5.5 5.3 5.6-5.3 5.5 5.3 5.6-5.3 5.5 5.4h.1l5.6-5.4 5.5 5.3 5.6-5.3 5.5 5.3 5.6-5.3 5.4 5.3 5.7-5.3 5.4 5.3 5.6-5.3 5.5 5.4V0H-.2v5.8z\"\/>\n<\/svg>\n\t\t<\/div>\n\t\t\t\t\t<div class=\"elementor-container elementor-column-gap-default\">\n\t\t\t\t\t<div class=\"elementor-column elementor-col-100 elementor-top-column elementor-element elementor-element-72f0b24\" data-id=\"72f0b24\" data-element_type=\"column\">\n\t\t\t<div class=\"elementor-widget-wrap elementor-element-populated\">\n\t\t\t\t\t\t<div class=\"elementor-element elementor-element-e3ec452 elementor-widget elementor-widget-spacer\" data-id=\"e3ec452\" data-element_type=\"widget\" data-widget_type=\"spacer.default\">\n\t\t\t\t<div class=\"elementor-widget-container\">\n\t\t\t\t\t\t\t<div class=\"elementor-spacer\">\n\t\t\t<div class=\"elementor-spacer-inner\"><\/div>\n\t\t<\/div>\n\t\t\t\t\t\t<\/div>\n\t\t\t\t<\/div>\n\t\t\t\t<div class=\"elementor-element elementor-element-ade869c elementor-grid-3 elementor-grid-tablet-2 elementor-grid-mobile-1 elementor-posts--thumbnail-top elementor-card-shadow-yes elementor-posts__hover-gradient load-more-align-center elementor-invisible elementor-widget elementor-widget-posts\" data-id=\"ade869c\" data-element_type=\"widget\" data-settings=\"{&quot;pagination_type&quot;:&quot;load_more_on_click&quot;,&quot;load_more_spinner&quot;:{&quot;value&quot;:&quot;fas fa-circle-notch&quot;,&quot;library&quot;:&quot;fa-solid&quot;},&quot;_animation&quot;:&quot;fadeIn&quot;,&quot;cards_masonry&quot;:&quot;yes&quot;,&quot;cards_columns&quot;:&quot;3&quot;,&quot;cards_columns_tablet&quot;:&quot;2&quot;,&quot;cards_columns_mobile&quot;:&quot;1&quot;,&quot;cards_row_gap&quot;:{&quot;unit&quot;:&quot;px&quot;,&quot;size&quot;:35,&quot;sizes&quot;:[]},&quot;cards_row_gap_tablet&quot;:{&quot;unit&quot;:&quot;px&quot;,&quot;size&quot;:&quot;&quot;,&quot;sizes&quot;:[]},&quot;cards_row_gap_mobile&quot;:{&quot;unit&quot;:&quot;px&quot;,&quot;size&quot;:&quot;&quot;,&quot;sizes&quot;:[]}}\" data-widget_type=\"posts.cards\">\n\t\t\t\t<div class=\"elementor-widget-container\">\n\t\t\t\t\t\t\t<div class=\"elementor-posts-container elementor-posts elementor-posts--skin-cards elementor-grid\" role=\"list\">\n\t\t\t\t<article class=\"elementor-post elementor-grid-item post-9291 post type-post status-publish format-standard has-post-thumbnail hentry category-ultimas-noticias tag-coquetelaria tag-evento tag-senac-roraima entry\" role=\"listitem\">\n\t\t\t<div class=\"elementor-post__card\">\n\t\t\t\t<a class=\"elementor-post__thumbnail__link\" href=\"https:\/\/www.rr.senac.br\/portalsenac\/edital-lancado-14a-edicao-do-campeonato-de-bartender-do-senac-rr-esta-com-inscricoes-abertas\/\" tabindex=\"-1\" ><div class=\"elementor-post__thumbnail\"><img loading=\"lazy\" decoding=\"async\" width=\"1600\" height=\"1066\" src=\"https:\/\/i0.wp.com\/www.rr.senac.br\/portalsenac\/wp-content\/uploads\/2026\/04\/senac_roraima_campeonato_de_bartender.jpeg?fit=1600%2C1066&amp;ssl=1\" class=\"elementor-animation-grow attachment-2048x2048 size-2048x2048 wp-image-9292\" alt=\"\" srcset=\"https:\/\/i0.wp.com\/www.rr.senac.br\/portalsenac\/wp-content\/uploads\/2026\/04\/senac_roraima_campeonato_de_bartender.jpeg?w=1600&amp;ssl=1 1600w, https:\/\/i0.wp.com\/www.rr.senac.br\/portalsenac\/wp-content\/uploads\/2026\/04\/senac_roraima_campeonato_de_bartender.jpeg?resize=300%2C200&amp;ssl=1 300w, https:\/\/i0.wp.com\/www.rr.senac.br\/portalsenac\/wp-content\/uploads\/2026\/04\/senac_roraima_campeonato_de_bartender.jpeg?resize=1024%2C682&amp;ssl=1 1024w, https:\/\/i0.wp.com\/www.rr.senac.br\/portalsenac\/wp-content\/uploads\/2026\/04\/senac_roraima_campeonato_de_bartender.jpeg?resize=768%2C512&amp;ssl=1 768w, https:\/\/i0.wp.com\/www.rr.senac.br\/portalsenac\/wp-content\/uploads\/2026\/04\/senac_roraima_campeonato_de_bartender.jpeg?resize=1536%2C1023&amp;ssl=1 1536w, https:\/\/i0.wp.com\/www.rr.senac.br\/portalsenac\/wp-content\/uploads\/2026\/04\/senac_roraima_campeonato_de_bartender.jpeg?resize=1568%2C1045&amp;ssl=1 1568w\" sizes=\"(max-width: 750px) 100vw, 750px\" style=\"width:100%;height:66.63%;max-width:1600px;\" \/><\/div><\/a>\n\t\t\t\t<div class=\"elementor-post__badge\">\u00daltimas Not\u00edcias<\/div>\n\t\t\t\t<div class=\"elementor-post__text\">\n\t\t\t\t<h3 class=\"elementor-post__title\">\n\t\t\t<a href=\"https:\/\/www.rr.senac.br\/portalsenac\/edital-lancado-14a-edicao-do-campeonato-de-bartender-do-senac-rr-esta-com-inscricoes-abertas\/\" >\n\t\t\t\tEdital lan\u00e7ado: 14\u00aa Edi\u00e7\u00e3o do Campeonato de Bartender do Senac\/RR est\u00e1 com inscri\u00e7\u00f5es abertas\t\t\t<\/a>\n\t\t<\/h3>\n\t\t\n\t\t<a class=\"elementor-post__read-more\" href=\"https:\/\/www.rr.senac.br\/portalsenac\/edital-lancado-14a-edicao-do-campeonato-de-bartender-do-senac-rr-esta-com-inscricoes-abertas\/\" aria-label=\"Leia mais sobre Edital lan\u00e7ado: 14\u00aa Edi\u00e7\u00e3o do Campeonato de Bartender do Senac\/RR est\u00e1 com inscri\u00e7\u00f5es abertas\" tabindex=\"-1\" >\n\t\t\tLeia mais\t\t<\/a>\n\n\t\t\t\t<\/div>\n\t\t\t\t<div class=\"elementor-post__meta-data\">\n\t\t\t\t\t<span class=\"elementor-post-date\">\n\t\t\t14 de abril de 2026\t\t<\/span>\n\t\t\t\t<\/div>\n\t\t\t\t\t<\/div>\n\t\t<\/article>\n\t\t\t\t<article class=\"elementor-post elementor-grid-item post-9277 post type-post status-publish format-standard has-post-thumbnail hentry category-ultimas-noticias tag-gestao tag-gratuidade tag-informatica tag-psg tag-senac-roraima entry\" role=\"listitem\">\n\t\t\t<div class=\"elementor-post__card\">\n\t\t\t\t<a class=\"elementor-post__thumbnail__link\" href=\"https:\/\/www.rr.senac.br\/portalsenac\/senac-roraima-abre-edital-com-mais-de-50-vagas-para-o-sul-do-estado\/\" tabindex=\"-1\" ><div class=\"elementor-post__thumbnail\"><img loading=\"lazy\" decoding=\"async\" width=\"1500\" height=\"1000\" src=\"https:\/\/i0.wp.com\/www.rr.senac.br\/portalsenac\/wp-content\/uploads\/2025\/08\/cursos_gratis_senac-roraima_interiores.jpeg?fit=1500%2C1000&amp;ssl=1\" class=\"elementor-animation-grow attachment-2048x2048 size-2048x2048 wp-image-8835\" alt=\"\" srcset=\"https:\/\/i0.wp.com\/www.rr.senac.br\/portalsenac\/wp-content\/uploads\/2025\/08\/cursos_gratis_senac-roraima_interiores.jpeg?w=1500&amp;ssl=1 1500w, https:\/\/i0.wp.com\/www.rr.senac.br\/portalsenac\/wp-content\/uploads\/2025\/08\/cursos_gratis_senac-roraima_interiores.jpeg?resize=300%2C200&amp;ssl=1 300w, https:\/\/i0.wp.com\/www.rr.senac.br\/portalsenac\/wp-content\/uploads\/2025\/08\/cursos_gratis_senac-roraima_interiores.jpeg?resize=1024%2C683&amp;ssl=1 1024w, https:\/\/i0.wp.com\/www.rr.senac.br\/portalsenac\/wp-content\/uploads\/2025\/08\/cursos_gratis_senac-roraima_interiores.jpeg?resize=768%2C512&amp;ssl=1 768w\" sizes=\"(max-width: 750px) 100vw, 750px\" style=\"width:100%;height:66.67%;max-width:1500px;\" \/><\/div><\/a>\n\t\t\t\t<div class=\"elementor-post__badge\">\u00daltimas Not\u00edcias<\/div>\n\t\t\t\t<div class=\"elementor-post__text\">\n\t\t\t\t<h3 class=\"elementor-post__title\">\n\t\t\t<a href=\"https:\/\/www.rr.senac.br\/portalsenac\/senac-roraima-abre-edital-com-mais-de-50-vagas-para-o-sul-do-estado\/\" >\n\t\t\t\tSenac Roraima abre edital com mais de 50 vagas para o sul do estado\t\t\t<\/a>\n\t\t<\/h3>\n\t\t\n\t\t<a class=\"elementor-post__read-more\" href=\"https:\/\/www.rr.senac.br\/portalsenac\/senac-roraima-abre-edital-com-mais-de-50-vagas-para-o-sul-do-estado\/\" aria-label=\"Leia mais sobre Senac Roraima abre edital com mais de 50 vagas para o sul do estado\" tabindex=\"-1\" >\n\t\t\tLeia mais\t\t<\/a>\n\n\t\t\t\t<\/div>\n\t\t\t\t<div class=\"elementor-post__meta-data\">\n\t\t\t\t\t<span class=\"elementor-post-date\">\n\t\t\t2 de abril de 2026\t\t<\/span>\n\t\t\t\t<\/div>\n\t\t\t\t\t<\/div>\n\t\t<\/article>\n\t\t\t\t<article class=\"elementor-post elementor-grid-item post-9273 post type-post status-publish format-standard has-post-thumbnail hentry category-ultimas-noticias tag-cursos-gratuitos tag-manicure-e-pedicure-curso tag-psg tag-roraima tag-senac-roraima entry\" role=\"listitem\">\n\t\t\t<div class=\"elementor-post__card\">\n\t\t\t\t<a class=\"elementor-post__thumbnail__link\" href=\"https:\/\/www.rr.senac.br\/portalsenac\/novo-edital009-psg-senacrr-boavistarr\/\" tabindex=\"-1\" ><div class=\"elementor-post__thumbnail\"><img loading=\"lazy\" decoding=\"async\" width=\"1600\" height=\"1066\" src=\"https:\/\/i0.wp.com\/www.rr.senac.br\/portalsenac\/wp-content\/uploads\/2026\/03\/cursos_gratuitos_beleza_senac_roraima.jpeg?fit=1600%2C1066&amp;ssl=1\" class=\"elementor-animation-grow attachment-2048x2048 size-2048x2048 wp-image-9274\" alt=\"\" srcset=\"https:\/\/i0.wp.com\/www.rr.senac.br\/portalsenac\/wp-content\/uploads\/2026\/03\/cursos_gratuitos_beleza_senac_roraima.jpeg?w=1600&amp;ssl=1 1600w, https:\/\/i0.wp.com\/www.rr.senac.br\/portalsenac\/wp-content\/uploads\/2026\/03\/cursos_gratuitos_beleza_senac_roraima.jpeg?resize=300%2C200&amp;ssl=1 300w, https:\/\/i0.wp.com\/www.rr.senac.br\/portalsenac\/wp-content\/uploads\/2026\/03\/cursos_gratuitos_beleza_senac_roraima.jpeg?resize=1024%2C682&amp;ssl=1 1024w, https:\/\/i0.wp.com\/www.rr.senac.br\/portalsenac\/wp-content\/uploads\/2026\/03\/cursos_gratuitos_beleza_senac_roraima.jpeg?resize=768%2C512&amp;ssl=1 768w, https:\/\/i0.wp.com\/www.rr.senac.br\/portalsenac\/wp-content\/uploads\/2026\/03\/cursos_gratuitos_beleza_senac_roraima.jpeg?resize=1536%2C1023&amp;ssl=1 1536w, https:\/\/i0.wp.com\/www.rr.senac.br\/portalsenac\/wp-content\/uploads\/2026\/03\/cursos_gratuitos_beleza_senac_roraima.jpeg?resize=1568%2C1045&amp;ssl=1 1568w\" sizes=\"(max-width: 750px) 100vw, 750px\" style=\"width:100%;height:66.63%;max-width:1600px;\" \/><\/div><\/a>\n\t\t\t\t<div class=\"elementor-post__badge\">\u00daltimas Not\u00edcias<\/div>\n\t\t\t\t<div class=\"elementor-post__text\">\n\t\t\t\t<h3 class=\"elementor-post__title\">\n\t\t\t<a href=\"https:\/\/www.rr.senac.br\/portalsenac\/novo-edital009-psg-senacrr-boavistarr\/\" >\n\t\t\t\tPSG em Boa Vista (RR): Senac Roraima lan\u00e7a 268 vagas de cursos gratuitos com certifica\u00e7\u00f5es de at\u00e9 300h\t\t\t<\/a>\n\t\t<\/h3>\n\t\t\n\t\t<a class=\"elementor-post__read-more\" href=\"https:\/\/www.rr.senac.br\/portalsenac\/novo-edital009-psg-senacrr-boavistarr\/\" aria-label=\"Leia mais sobre PSG em Boa Vista (RR): Senac Roraima lan\u00e7a 268 vagas de cursos gratuitos com certifica\u00e7\u00f5es de at\u00e9 300h\" tabindex=\"-1\" >\n\t\t\tLeia mais\t\t<\/a>\n\n\t\t\t\t<\/div>\n\t\t\t\t<div class=\"elementor-post__meta-data\">\n\t\t\t\t\t<span class=\"elementor-post-date\">\n\t\t\t30 de mar\u00e7o de 2026\t\t<\/span>\n\t\t\t\t<\/div>\n\t\t\t\t\t<\/div>\n\t\t<\/article>\n\t\t\t\t<article class=\"elementor-post elementor-grid-item post-9235 post type-post status-publish format-standard has-post-thumbnail hentry category-ultimas-noticias tag-aprendizagem-profissional tag-contrate-um-aprendiz tag-empregabilidade tag-jovem-aprendiz tag-senac-roraima entry\" role=\"listitem\">\n\t\t\t<div class=\"elementor-post__card\">\n\t\t\t\t<a class=\"elementor-post__thumbnail__link\" href=\"https:\/\/www.rr.senac.br\/portalsenac\/segunda-edicao-contrate-um-aprendiz-senac-roraima\/\" tabindex=\"-1\" ><div class=\"elementor-post__thumbnail\"><img loading=\"lazy\" decoding=\"async\" width=\"1600\" height=\"1066\" src=\"https:\/\/i0.wp.com\/www.rr.senac.br\/portalsenac\/wp-content\/uploads\/2026\/03\/senacrr_contrate_um_aprendiz.jpeg?fit=1600%2C1066&amp;ssl=1\" class=\"elementor-animation-grow attachment-2048x2048 size-2048x2048 wp-image-9236\" alt=\"\" srcset=\"https:\/\/i0.wp.com\/www.rr.senac.br\/portalsenac\/wp-content\/uploads\/2026\/03\/senacrr_contrate_um_aprendiz.jpeg?w=1600&amp;ssl=1 1600w, https:\/\/i0.wp.com\/www.rr.senac.br\/portalsenac\/wp-content\/uploads\/2026\/03\/senacrr_contrate_um_aprendiz.jpeg?resize=300%2C200&amp;ssl=1 300w, https:\/\/i0.wp.com\/www.rr.senac.br\/portalsenac\/wp-content\/uploads\/2026\/03\/senacrr_contrate_um_aprendiz.jpeg?resize=1024%2C682&amp;ssl=1 1024w, https:\/\/i0.wp.com\/www.rr.senac.br\/portalsenac\/wp-content\/uploads\/2026\/03\/senacrr_contrate_um_aprendiz.jpeg?resize=768%2C512&amp;ssl=1 768w, https:\/\/i0.wp.com\/www.rr.senac.br\/portalsenac\/wp-content\/uploads\/2026\/03\/senacrr_contrate_um_aprendiz.jpeg?resize=1536%2C1023&amp;ssl=1 1536w, https:\/\/i0.wp.com\/www.rr.senac.br\/portalsenac\/wp-content\/uploads\/2026\/03\/senacrr_contrate_um_aprendiz.jpeg?resize=1568%2C1045&amp;ssl=1 1568w\" sizes=\"(max-width: 750px) 100vw, 750px\" style=\"width:100%;height:66.63%;max-width:1600px;\" \/><\/div><\/a>\n\t\t\t\t<div class=\"elementor-post__badge\">\u00daltimas Not\u00edcias<\/div>\n\t\t\t\t<div class=\"elementor-post__text\">\n\t\t\t\t<h3 class=\"elementor-post__title\">\n\t\t\t<a href=\"https:\/\/www.rr.senac.br\/portalsenac\/segunda-edicao-contrate-um-aprendiz-senac-roraima\/\" >\n\t\t\t\tContrate um Aprendiz: evento reuniu mais de 190 candidatos a vagas de aprendizagem profissional\t\t\t<\/a>\n\t\t<\/h3>\n\t\t\n\t\t<a class=\"elementor-post__read-more\" href=\"https:\/\/www.rr.senac.br\/portalsenac\/segunda-edicao-contrate-um-aprendiz-senac-roraima\/\" aria-label=\"Leia mais sobre Contrate um Aprendiz: evento reuniu mais de 190 candidatos a vagas de aprendizagem profissional\" tabindex=\"-1\" >\n\t\t\tLeia mais\t\t<\/a>\n\n\t\t\t\t<\/div>\n\t\t\t\t<div class=\"elementor-post__meta-data\">\n\t\t\t\t\t<span class=\"elementor-post-date\">\n\t\t\t18 de mar\u00e7o de 2026\t\t<\/span>\n\t\t\t\t<\/div>\n\t\t\t\t\t<\/div>\n\t\t<\/article>\n\t\t\t\t<article class=\"elementor-post elementor-grid-item post-9174 post type-post status-publish format-standard has-post-thumbnail hentry category-ultimas-noticias tag-boa-vista tag-cursos-gratis tag-estetica tag-massoterapia tag-psg entry\" role=\"listitem\">\n\t\t\t<div class=\"elementor-post__card\">\n\t\t\t\t<a class=\"elementor-post__thumbnail__link\" href=\"https:\/\/www.rr.senac.br\/portalsenac\/formacoes-100-gratis-em-boa-vista-rr-edital-do-psg-oferta-cursos-tecnicos-em-massoterapia-e-estetica\/\" tabindex=\"-1\" ><div class=\"elementor-post__thumbnail\"><img loading=\"lazy\" decoding=\"async\" width=\"1600\" height=\"1066\" src=\"https:\/\/i0.wp.com\/www.rr.senac.br\/portalsenac\/wp-content\/uploads\/2026\/03\/cursos_tecnicos_gratis_senac_rr.jpeg?fit=1600%2C1066&amp;ssl=1\" class=\"elementor-animation-grow attachment-2048x2048 size-2048x2048 wp-image-9175\" alt=\"\" srcset=\"https:\/\/i0.wp.com\/www.rr.senac.br\/portalsenac\/wp-content\/uploads\/2026\/03\/cursos_tecnicos_gratis_senac_rr.jpeg?w=1600&amp;ssl=1 1600w, https:\/\/i0.wp.com\/www.rr.senac.br\/portalsenac\/wp-content\/uploads\/2026\/03\/cursos_tecnicos_gratis_senac_rr.jpeg?resize=300%2C200&amp;ssl=1 300w, https:\/\/i0.wp.com\/www.rr.senac.br\/portalsenac\/wp-content\/uploads\/2026\/03\/cursos_tecnicos_gratis_senac_rr.jpeg?resize=1024%2C682&amp;ssl=1 1024w, https:\/\/i0.wp.com\/www.rr.senac.br\/portalsenac\/wp-content\/uploads\/2026\/03\/cursos_tecnicos_gratis_senac_rr.jpeg?resize=768%2C512&amp;ssl=1 768w, https:\/\/i0.wp.com\/www.rr.senac.br\/portalsenac\/wp-content\/uploads\/2026\/03\/cursos_tecnicos_gratis_senac_rr.jpeg?resize=1536%2C1023&amp;ssl=1 1536w, https:\/\/i0.wp.com\/www.rr.senac.br\/portalsenac\/wp-content\/uploads\/2026\/03\/cursos_tecnicos_gratis_senac_rr.jpeg?resize=1568%2C1045&amp;ssl=1 1568w\" sizes=\"(max-width: 750px) 100vw, 750px\" style=\"width:100%;height:66.63%;max-width:1600px;\" \/><\/div><\/a>\n\t\t\t\t<div class=\"elementor-post__badge\">\u00daltimas Not\u00edcias<\/div>\n\t\t\t\t<div class=\"elementor-post__text\">\n\t\t\t\t<h3 class=\"elementor-post__title\">\n\t\t\t<a href=\"https:\/\/www.rr.senac.br\/portalsenac\/formacoes-100-gratis-em-boa-vista-rr-edital-do-psg-oferta-cursos-tecnicos-em-massoterapia-e-estetica\/\" >\n\t\t\t\tForma\u00e7\u00f5es 100% gr\u00e1tis em Boa Vista (RR): Edital do PSG oferta cursos t\u00e9cnicos em massoterapia e est\u00e9tica\t\t\t<\/a>\n\t\t<\/h3>\n\t\t\n\t\t<a class=\"elementor-post__read-more\" href=\"https:\/\/www.rr.senac.br\/portalsenac\/formacoes-100-gratis-em-boa-vista-rr-edital-do-psg-oferta-cursos-tecnicos-em-massoterapia-e-estetica\/\" aria-label=\"Leia mais sobre Forma\u00e7\u00f5es 100% gr\u00e1tis em Boa Vista (RR): Edital do PSG oferta cursos t\u00e9cnicos em massoterapia e est\u00e9tica\" tabindex=\"-1\" >\n\t\t\tLeia mais\t\t<\/a>\n\n\t\t\t\t<\/div>\n\t\t\t\t<div class=\"elementor-post__meta-data\">\n\t\t\t\t\t<span class=\"elementor-post-date\">\n\t\t\t9 de mar\u00e7o de 2026\t\t<\/span>\n\t\t\t\t<\/div>\n\t\t\t\t\t<\/div>\n\t\t<\/article>\n\t\t\t\t<article class=\"elementor-post elementor-grid-item post-9170 post type-post status-publish format-standard has-post-thumbnail hentry category-ultimas-noticias tag-gestao tag-psg tag-roraima tag-rorainopolis tag-senac-roraima entry\" role=\"listitem\">\n\t\t\t<div class=\"elementor-post__card\">\n\t\t\t\t<a class=\"elementor-post__thumbnail__link\" href=\"https:\/\/www.rr.senac.br\/portalsenac\/senac-roraima-divulga-curso-gratuito-de-assistente-de-recursos-humanos-em-rorainopolis\/\" tabindex=\"-1\" ><div class=\"elementor-post__thumbnail\"><img loading=\"lazy\" decoding=\"async\" width=\"1599\" height=\"899\" src=\"https:\/\/i0.wp.com\/www.rr.senac.br\/portalsenac\/wp-content\/uploads\/2026\/03\/senacrr_cursos_gratis_rorainopolis.jpeg?fit=1599%2C899&amp;ssl=1\" class=\"elementor-animation-grow attachment-2048x2048 size-2048x2048 wp-image-9171\" alt=\"\" srcset=\"https:\/\/i0.wp.com\/www.rr.senac.br\/portalsenac\/wp-content\/uploads\/2026\/03\/senacrr_cursos_gratis_rorainopolis.jpeg?w=1599&amp;ssl=1 1599w, https:\/\/i0.wp.com\/www.rr.senac.br\/portalsenac\/wp-content\/uploads\/2026\/03\/senacrr_cursos_gratis_rorainopolis.jpeg?resize=300%2C169&amp;ssl=1 300w, https:\/\/i0.wp.com\/www.rr.senac.br\/portalsenac\/wp-content\/uploads\/2026\/03\/senacrr_cursos_gratis_rorainopolis.jpeg?resize=1024%2C576&amp;ssl=1 1024w, https:\/\/i0.wp.com\/www.rr.senac.br\/portalsenac\/wp-content\/uploads\/2026\/03\/senacrr_cursos_gratis_rorainopolis.jpeg?resize=768%2C432&amp;ssl=1 768w, https:\/\/i0.wp.com\/www.rr.senac.br\/portalsenac\/wp-content\/uploads\/2026\/03\/senacrr_cursos_gratis_rorainopolis.jpeg?resize=1536%2C864&amp;ssl=1 1536w, https:\/\/i0.wp.com\/www.rr.senac.br\/portalsenac\/wp-content\/uploads\/2026\/03\/senacrr_cursos_gratis_rorainopolis.jpeg?resize=1568%2C882&amp;ssl=1 1568w\" sizes=\"(max-width: 750px) 100vw, 750px\" style=\"width:100%;height:56.22%;max-width:1599px;\" \/><\/div><\/a>\n\t\t\t\t<div class=\"elementor-post__badge\">\u00daltimas Not\u00edcias<\/div>\n\t\t\t\t<div class=\"elementor-post__text\">\n\t\t\t\t<h3 class=\"elementor-post__title\">\n\t\t\t<a href=\"https:\/\/www.rr.senac.br\/portalsenac\/senac-roraima-divulga-curso-gratuito-de-assistente-de-recursos-humanos-em-rorainopolis\/\" >\n\t\t\t\tSenac Roraima divulga curso gratuito de Assistente de Recursos Humanos em Rorain\u00f3polis\t\t\t<\/a>\n\t\t<\/h3>\n\t\t\n\t\t<a class=\"elementor-post__read-more\" href=\"https:\/\/www.rr.senac.br\/portalsenac\/senac-roraima-divulga-curso-gratuito-de-assistente-de-recursos-humanos-em-rorainopolis\/\" aria-label=\"Leia mais sobre Senac Roraima divulga curso gratuito de Assistente de Recursos Humanos em Rorain\u00f3polis\" tabindex=\"-1\" >\n\t\t\tLeia mais\t\t<\/a>\n\n\t\t\t\t<\/div>\n\t\t\t\t<div class=\"elementor-post__meta-data\">\n\t\t\t\t\t<span class=\"elementor-post-date\">\n\t\t\t3 de mar\u00e7o de 2026\t\t<\/span>\n\t\t\t\t<\/div>\n\t\t\t\t\t<\/div>\n\t\t<\/article>\n\t\t\t\t<article class=\"elementor-post elementor-grid-item post-9166 post type-post status-publish format-standard has-post-thumbnail hentry category-ultimas-noticias tag-cursos-gratuitos tag-gastronomia tag-libras tag-roraima tag-saude tag-senac-roraima entry\" role=\"listitem\">\n\t\t\t<div class=\"elementor-post__card\">\n\t\t\t\t<a class=\"elementor-post__thumbnail__link\" href=\"https:\/\/www.rr.senac.br\/portalsenac\/programa-senac-de-gratuidade-novo-edital-e-destinado-a-boa-vista-rr-e-curso-de-producao-de-doces-de-pascoa-e-destaque\/\" tabindex=\"-1\" ><div class=\"elementor-post__thumbnail\"><img loading=\"lazy\" decoding=\"async\" width=\"1600\" height=\"1066\" src=\"https:\/\/i0.wp.com\/www.rr.senac.br\/portalsenac\/wp-content\/uploads\/2026\/02\/curso_-doces_-de_pascoa_senac_rr.jpeg?fit=1600%2C1066&amp;ssl=1\" class=\"elementor-animation-grow attachment-2048x2048 size-2048x2048 wp-image-9167\" alt=\"\" srcset=\"https:\/\/i0.wp.com\/www.rr.senac.br\/portalsenac\/wp-content\/uploads\/2026\/02\/curso_-doces_-de_pascoa_senac_rr.jpeg?w=1600&amp;ssl=1 1600w, https:\/\/i0.wp.com\/www.rr.senac.br\/portalsenac\/wp-content\/uploads\/2026\/02\/curso_-doces_-de_pascoa_senac_rr.jpeg?resize=300%2C200&amp;ssl=1 300w, https:\/\/i0.wp.com\/www.rr.senac.br\/portalsenac\/wp-content\/uploads\/2026\/02\/curso_-doces_-de_pascoa_senac_rr.jpeg?resize=1024%2C682&amp;ssl=1 1024w, https:\/\/i0.wp.com\/www.rr.senac.br\/portalsenac\/wp-content\/uploads\/2026\/02\/curso_-doces_-de_pascoa_senac_rr.jpeg?resize=768%2C512&amp;ssl=1 768w, https:\/\/i0.wp.com\/www.rr.senac.br\/portalsenac\/wp-content\/uploads\/2026\/02\/curso_-doces_-de_pascoa_senac_rr.jpeg?resize=1536%2C1023&amp;ssl=1 1536w, https:\/\/i0.wp.com\/www.rr.senac.br\/portalsenac\/wp-content\/uploads\/2026\/02\/curso_-doces_-de_pascoa_senac_rr.jpeg?resize=1568%2C1045&amp;ssl=1 1568w\" sizes=\"(max-width: 750px) 100vw, 750px\" style=\"width:100%;height:66.63%;max-width:1600px;\" \/><\/div><\/a>\n\t\t\t\t<div class=\"elementor-post__badge\">\u00daltimas Not\u00edcias<\/div>\n\t\t\t\t<div class=\"elementor-post__text\">\n\t\t\t\t<h3 class=\"elementor-post__title\">\n\t\t\t<a href=\"https:\/\/www.rr.senac.br\/portalsenac\/programa-senac-de-gratuidade-novo-edital-e-destinado-a-boa-vista-rr-e-curso-de-producao-de-doces-de-pascoa-e-destaque\/\" >\n\t\t\t\tPrograma Senac de Gratuidade: novo edital \u00e9 destinado a Boa Vista (RR) e curso de Produ\u00e7\u00e3o de Doces de P\u00e1scoa \u00e9 destaque\t\t\t<\/a>\n\t\t<\/h3>\n\t\t\n\t\t<a class=\"elementor-post__read-more\" href=\"https:\/\/www.rr.senac.br\/portalsenac\/programa-senac-de-gratuidade-novo-edital-e-destinado-a-boa-vista-rr-e-curso-de-producao-de-doces-de-pascoa-e-destaque\/\" aria-label=\"Leia mais sobre Programa Senac de Gratuidade: novo edital \u00e9 destinado a Boa Vista (RR) e curso de Produ\u00e7\u00e3o de Doces de P\u00e1scoa \u00e9 destaque\" tabindex=\"-1\" >\n\t\t\tLeia mais\t\t<\/a>\n\n\t\t\t\t<\/div>\n\t\t\t\t<div class=\"elementor-post__meta-data\">\n\t\t\t\t\t<span class=\"elementor-post-date\">\n\t\t\t24 de fevereiro de 2026\t\t<\/span>\n\t\t\t\t<\/div>\n\t\t\t\t\t<\/div>\n\t\t<\/article>\n\t\t\t\t<article class=\"elementor-post elementor-grid-item post-9163 post type-post status-publish format-standard has-post-thumbnail hentry category-ultimas-noticias tag-gastronomia tag-padeiro tag-programa-senac-de-gratuidade tag-salgadeiro tag-sao-luiz tag-senac-roraima entry\" role=\"listitem\">\n\t\t\t<div class=\"elementor-post__card\">\n\t\t\t\t<a class=\"elementor-post__thumbnail__link\" href=\"https:\/\/www.rr.senac.br\/portalsenac\/novo-edital-cursos-gratuitos-senacrr\/\" tabindex=\"-1\" ><div class=\"elementor-post__thumbnail\"><img loading=\"lazy\" decoding=\"async\" width=\"1600\" height=\"1066\" src=\"https:\/\/i0.wp.com\/www.rr.senac.br\/portalsenac\/wp-content\/uploads\/2026\/02\/senac_cursos_gratis_gastronomia.jpeg?fit=1600%2C1066&amp;ssl=1\" class=\"elementor-animation-grow attachment-2048x2048 size-2048x2048 wp-image-9164\" alt=\"\" srcset=\"https:\/\/i0.wp.com\/www.rr.senac.br\/portalsenac\/wp-content\/uploads\/2026\/02\/senac_cursos_gratis_gastronomia.jpeg?w=1600&amp;ssl=1 1600w, https:\/\/i0.wp.com\/www.rr.senac.br\/portalsenac\/wp-content\/uploads\/2026\/02\/senac_cursos_gratis_gastronomia.jpeg?resize=300%2C200&amp;ssl=1 300w, https:\/\/i0.wp.com\/www.rr.senac.br\/portalsenac\/wp-content\/uploads\/2026\/02\/senac_cursos_gratis_gastronomia.jpeg?resize=1024%2C682&amp;ssl=1 1024w, https:\/\/i0.wp.com\/www.rr.senac.br\/portalsenac\/wp-content\/uploads\/2026\/02\/senac_cursos_gratis_gastronomia.jpeg?resize=768%2C512&amp;ssl=1 768w, https:\/\/i0.wp.com\/www.rr.senac.br\/portalsenac\/wp-content\/uploads\/2026\/02\/senac_cursos_gratis_gastronomia.jpeg?resize=1536%2C1023&amp;ssl=1 1536w, https:\/\/i0.wp.com\/www.rr.senac.br\/portalsenac\/wp-content\/uploads\/2026\/02\/senac_cursos_gratis_gastronomia.jpeg?resize=1568%2C1045&amp;ssl=1 1568w\" sizes=\"(max-width: 750px) 100vw, 750px\" style=\"width:100%;height:66.63%;max-width:1600px;\" \/><\/div><\/a>\n\t\t\t\t<div class=\"elementor-post__badge\">\u00daltimas Not\u00edcias<\/div>\n\t\t\t\t<div class=\"elementor-post__text\">\n\t\t\t\t<h3 class=\"elementor-post__title\">\n\t\t\t<a href=\"https:\/\/www.rr.senac.br\/portalsenac\/novo-edital-cursos-gratuitos-senacrr\/\" >\n\t\t\t\tSenac em Roraima torna p\u00fablico novo edital de cursos gr\u00e1tis para S\u00e3o Luiz do Anau\u00e1\t\t\t<\/a>\n\t\t<\/h3>\n\t\t\n\t\t<a class=\"elementor-post__read-more\" href=\"https:\/\/www.rr.senac.br\/portalsenac\/novo-edital-cursos-gratuitos-senacrr\/\" aria-label=\"Leia mais sobre Senac em Roraima torna p\u00fablico novo edital de cursos gr\u00e1tis para S\u00e3o Luiz do Anau\u00e1\" tabindex=\"-1\" >\n\t\t\tLeia mais\t\t<\/a>\n\n\t\t\t\t<\/div>\n\t\t\t\t<div class=\"elementor-post__meta-data\">\n\t\t\t\t\t<span class=\"elementor-post-date\">\n\t\t\t20 de fevereiro de 2026\t\t<\/span>\n\t\t\t\t<\/div>\n\t\t\t\t\t<\/div>\n\t\t<\/article>\n\t\t\t\t<article class=\"elementor-post elementor-grid-item post-9158 post type-post status-publish format-standard has-post-thumbnail hentry category-ultimas-noticias tag-educacao-profissional tag-equipe-senac tag-senac-80-anos tag-senac-roraima tag-sonhos entry\" role=\"listitem\">\n\t\t\t<div class=\"elementor-post__card\">\n\t\t\t\t<a class=\"elementor-post__thumbnail__link\" href=\"https:\/\/www.rr.senac.br\/portalsenac\/regional-roraima-realiza-evento-de-abertura-das-atividades\/\" tabindex=\"-1\" ><div class=\"elementor-post__thumbnail\"><img loading=\"lazy\" decoding=\"async\" width=\"1600\" height=\"1066\" src=\"https:\/\/i0.wp.com\/www.rr.senac.br\/portalsenac\/wp-content\/uploads\/2026\/01\/senac_80_anos_abertura_das_atividades.jpeg?fit=1600%2C1066&amp;ssl=1\" class=\"elementor-animation-grow attachment-2048x2048 size-2048x2048 wp-image-9159\" alt=\"\" srcset=\"https:\/\/i0.wp.com\/www.rr.senac.br\/portalsenac\/wp-content\/uploads\/2026\/01\/senac_80_anos_abertura_das_atividades.jpeg?w=1600&amp;ssl=1 1600w, https:\/\/i0.wp.com\/www.rr.senac.br\/portalsenac\/wp-content\/uploads\/2026\/01\/senac_80_anos_abertura_das_atividades.jpeg?resize=300%2C200&amp;ssl=1 300w, https:\/\/i0.wp.com\/www.rr.senac.br\/portalsenac\/wp-content\/uploads\/2026\/01\/senac_80_anos_abertura_das_atividades.jpeg?resize=1024%2C682&amp;ssl=1 1024w, https:\/\/i0.wp.com\/www.rr.senac.br\/portalsenac\/wp-content\/uploads\/2026\/01\/senac_80_anos_abertura_das_atividades.jpeg?resize=768%2C512&amp;ssl=1 768w, https:\/\/i0.wp.com\/www.rr.senac.br\/portalsenac\/wp-content\/uploads\/2026\/01\/senac_80_anos_abertura_das_atividades.jpeg?resize=1536%2C1023&amp;ssl=1 1536w, https:\/\/i0.wp.com\/www.rr.senac.br\/portalsenac\/wp-content\/uploads\/2026\/01\/senac_80_anos_abertura_das_atividades.jpeg?resize=1568%2C1045&amp;ssl=1 1568w\" sizes=\"(max-width: 750px) 100vw, 750px\" style=\"width:100%;height:66.63%;max-width:1600px;\" \/><\/div><\/a>\n\t\t\t\t<div class=\"elementor-post__badge\">\u00daltimas Not\u00edcias<\/div>\n\t\t\t\t<div class=\"elementor-post__text\">\n\t\t\t\t<h3 class=\"elementor-post__title\">\n\t\t\t<a href=\"https:\/\/www.rr.senac.br\/portalsenac\/regional-roraima-realiza-evento-de-abertura-das-atividades\/\" >\n\t\t\t\tRegional Roraima abre as atividades de 2026 comemorando 80 anos de tradi\u00e7\u00e3o do nome Senac no Brasil\t\t\t<\/a>\n\t\t<\/h3>\n\t\t\n\t\t<a class=\"elementor-post__read-more\" href=\"https:\/\/www.rr.senac.br\/portalsenac\/regional-roraima-realiza-evento-de-abertura-das-atividades\/\" aria-label=\"Leia mais sobre Regional Roraima abre as atividades de 2026 comemorando 80 anos de tradi\u00e7\u00e3o do nome Senac no Brasil\" tabindex=\"-1\" >\n\t\t\tLeia mais\t\t<\/a>\n\n\t\t\t\t<\/div>\n\t\t\t\t<div class=\"elementor-post__meta-data\">\n\t\t\t\t\t<span class=\"elementor-post-date\">\n\t\t\t31 de janeiro de 2026\t\t<\/span>\n\t\t\t\t<\/div>\n\t\t\t\t\t<\/div>\n\t\t<\/article>\n\t\t\t\t<\/div>\n\t\t\t\t\t<span class=\"e-load-more-spinner\">\n\t\t\t\t<svg aria-hidden=\"true\" class=\"e-font-icon-svg e-fas-circle-notch\" viewBox=\"0 0 512 512\" xmlns=\"http:\/\/www.w3.org\/2000\/svg\"><path d=\"M288 39.056v16.659c0 10.804 7.281 20.159 17.686 23.066C383.204 100.434 440 171.518 440 256c0 101.689-82.295 184-184 184-101.689 0-184-82.295-184-184 0-84.47 56.786-155.564 134.312-177.219C216.719 75.874 224 66.517 224 55.712V39.064c0-15.709-14.834-27.153-30.046-23.234C86.603 43.482 7.394 141.206 8.003 257.332c.72 137.052 111.477 246.956 248.531 246.667C393.255 503.711 504 392.788 504 256c0-115.633-79.14-212.779-186.211-240.236C302.678 11.889 288 23.456 288 39.056z\"><\/path><\/svg>\t\t\t<\/span>\n\t\t\n\t\t\t\t<div class=\"e-load-more-anchor\" data-page=\"1\" data-max-page=\"28\" data-next-page=\"https:\/\/www.rr.senac.br\/portalsenac\/wp-json\/wp\/v2\/pages\/748\/page\/2\/\"><\/div>\n\t\t\t\t<div class=\"elementor-button-wrapper\">\n\t\t\t<a class=\"elementor-button elementor-size-sm elementor-animation-grow\" role=\"button\">\n\t\t\t\t\t\t<span class=\"elementor-button-content-wrapper\">\n\t\t\t\t\t\t\t<span class=\"elementor-button-icon\">\n\t\t\t\t<svg aria-hidden=\"true\" class=\"e-font-icon-svg e-far-arrow-alt-circle-down\" viewBox=\"0 0 512 512\" xmlns=\"http:\/\/www.w3.org\/2000\/svg\"><path d=\"M256 8C119 8 8 119 8 256s111 248 248 248 248-111 248-248S393 8 256 8zm0 448c-110.5 0-200-89.5-200-200S145.5 56 256 56s200 89.5 200 200-89.5 200-200 200zm-32-316v116h-67c-10.7 0-16 12.9-8.5 20.5l99 99c4.7 4.7 12.3 4.7 17 0l99-99c7.6-7.6 2.2-20.5-8.5-20.5h-67V140c0-6.6-5.4-12-12-12h-40c-6.6 0-12 5.4-12 12z\"><\/path><\/svg>\t\t\t<\/span>\n\t\t\t\t\t\t\t\t\t<span class=\"elementor-button-text\">Carregar mais<\/span>\n\t\t\t\t\t<\/span>\n\t\t\t\t\t<\/a>\n\t\t<\/div>\n\t\t\t\t<div class=\"e-load-more-message\">Sem mais not\u00edcias<\/div>\n\t\t\t\t\t\t<\/div>\n\t\t\t\t<\/div>\n\t\t\t\t<div class=\"elementor-element elementor-element-d7d9657 elementor-widget-divider--view-line elementor-widget elementor-widget-divider\" data-id=\"d7d9657\" data-element_type=\"widget\" data-widget_type=\"divider.default\">\n\t\t\t\t<div class=\"elementor-widget-container\">\n\t\t\t\t\t\t\t<div class=\"elementor-divider\">\n\t\t\t<span class=\"elementor-divider-separator\">\n\t\t\t\t\t\t<\/span>\n\t\t<\/div>\n\t\t\t\t\t\t<\/div>\n\t\t\t\t<\/div>\n\t\t\t\t\t<\/div>\n\t\t<\/div>\n\t\t\t\t\t<\/div>\n\t\t<\/section>\n\t\t\t\t<\/div>\n\t\t","protected":false},"excerpt":{"rendered":"<p>&#8220;,&#8221;nextArrow&#8221;:&#8221;&#8220;,&#8221;autoplay&#8221;:true,&#8221;autoplaySpeed&#8221;:5000}&#8217; dir=&#8221;ltr&#8221; data-typing=&#8221;1&#8243;> 16:27 Na Semana S do Com\u00e9rcio, Senac Roraima promove palestra sobre neg\u00f3cios com um dos criadores do Z\u00e9 Delivery 09:01 Programa Senac de Gratuidade oferece 50 vagas de cursos no interior do estado 09:16 Senac Roraima abre vagas gratuitas de cursos t\u00e9cnicos<\/p>\n","protected":false},"author":1,"featured_media":0,"parent":0,"menu_order":0,"comment_status":"closed","ping_status":"closed","template":"elementor_header_footer","meta":{"_joinchat":[],"footnotes":""},"class_list":["post-748","page","type-page","status-publish","hentry","entry"],"jetpack_sharing_enabled":true,"_links":{"self":[{"href":"https:\/\/www.rr.senac.br\/portalsenac\/wp-json\/wp\/v2\/pages\/748","targetHints":{"allow":["GET"]}}],"collection":[{"href":"https:\/\/www.rr.senac.br\/portalsenac\/wp-json\/wp\/v2\/pages"}],"about":[{"href":"https:\/\/www.rr.senac.br\/portalsenac\/wp-json\/wp\/v2\/types\/page"}],"author":[{"embeddable":true,"href":"https:\/\/www.rr.senac.br\/portalsenac\/wp-json\/wp\/v2\/users\/1"}],"replies":[{"embeddable":true,"href":"https:\/\/www.rr.senac.br\/portalsenac\/wp-json\/wp\/v2\/comments?post=748"}],"version-history":[{"count":84,"href":"https:\/\/www.rr.senac.br\/portalsenac\/wp-json\/wp\/v2\/pages\/748\/revisions"}],"predecessor-version":[{"id":8604,"href":"https:\/\/www.rr.senac.br\/portalsenac\/wp-json\/wp\/v2\/pages\/748\/revisions\/8604"}],"wp:attachment":[{"href":"https:\/\/www.rr.senac.br\/portalsenac\/wp-json\/wp\/v2\/media?parent=748"}],"curies":[{"name":"wp","href":"https:\/\/api.w.org\/{rel}","templated":true}]}}