{"id":997,"date":"2021-11-08T10:01:51","date_gmt":"2021-11-08T13:01:51","guid":{"rendered":"https:\/\/www.rr.senac.br\/portalsenac\/?page_id=997"},"modified":"2026-03-19T17:11:39","modified_gmt":"2026-03-19T21:11:39","slug":"unidades-da-capital","status":"publish","type":"page","link":"https:\/\/www.rr.senac.br\/portalsenac\/unidades-da-capital\/","title":{"rendered":"Unidades da Capital"},"content":{"rendered":"\t\t<div data-elementor-type=\"wp-page\" data-elementor-id=\"997\" class=\"elementor elementor-997\" data-elementor-post-type=\"page\">\n\t\t\t\t\t\t<section class=\"elementor-section elementor-top-section elementor-element elementor-element-781fbfa elementor-section-height-min-height elementor-section-boxed elementor-section-height-default elementor-section-items-middle\" data-id=\"781fbfa\" data-element_type=\"section\" data-settings=\"{&quot;background_background&quot;:&quot;classic&quot;}\">\n\t\t\t\t\t\t<div class=\"elementor-container elementor-column-gap-default\">\n\t\t\t\t\t<div class=\"elementor-column elementor-col-100 elementor-top-column elementor-element elementor-element-911faf0\" data-id=\"911faf0\" data-element_type=\"column\">\n\t\t\t<div class=\"elementor-widget-wrap elementor-element-populated\">\n\t\t\t\t\t\t\t<\/div>\n\t\t<\/div>\n\t\t\t\t\t<\/div>\n\t\t<\/section>\n\t\t\t\t<section class=\"elementor-section elementor-top-section elementor-element elementor-element-1dd6e5a elementor-section-boxed elementor-section-height-default elementor-section-height-default\" data-id=\"1dd6e5a\" data-element_type=\"section\">\n\t\t\t\t\t\t<div class=\"elementor-container elementor-column-gap-default\">\n\t\t\t\t\t<div class=\"elementor-column elementor-col-50 elementor-top-column elementor-element elementor-element-4ef73e9\" data-id=\"4ef73e9\" data-element_type=\"column\">\n\t\t\t<div class=\"elementor-widget-wrap elementor-element-populated\">\n\t\t\t\t\t\t<div class=\"elementor-element elementor-element-4e14953 elementor-widget elementor-widget-image\" data-id=\"4e14953\" data-element_type=\"widget\" data-widget_type=\"image.default\">\n\t\t\t\t<div class=\"elementor-widget-container\">\n\t\t\t\t\t\t\t\t\t\t\t\t\t\t\t<img fetchpriority=\"high\" decoding=\"async\" width=\"750\" height=\"422\" src=\"https:\/\/i0.wp.com\/www.rr.senac.br\/portalsenac\/wp-content\/uploads\/2026\/03\/unidade-sao-francisco-n-scaled.jpg?fit=750%2C422&amp;ssl=1\" class=\"attachment-large size-large wp-image-9244\" alt=\"\" srcset=\"https:\/\/i0.wp.com\/www.rr.senac.br\/portalsenac\/wp-content\/uploads\/2026\/03\/unidade-sao-francisco-n-scaled.jpg?w=2560&amp;ssl=1 2560w, https:\/\/i0.wp.com\/www.rr.senac.br\/portalsenac\/wp-content\/uploads\/2026\/03\/unidade-sao-francisco-n-scaled.jpg?resize=300%2C169&amp;ssl=1 300w, https:\/\/i0.wp.com\/www.rr.senac.br\/portalsenac\/wp-content\/uploads\/2026\/03\/unidade-sao-francisco-n-scaled.jpg?resize=1024%2C576&amp;ssl=1 1024w, https:\/\/i0.wp.com\/www.rr.senac.br\/portalsenac\/wp-content\/uploads\/2026\/03\/unidade-sao-francisco-n-scaled.jpg?resize=768%2C432&amp;ssl=1 768w, https:\/\/i0.wp.com\/www.rr.senac.br\/portalsenac\/wp-content\/uploads\/2026\/03\/unidade-sao-francisco-n-scaled.jpg?resize=1536%2C864&amp;ssl=1 1536w, https:\/\/i0.wp.com\/www.rr.senac.br\/portalsenac\/wp-content\/uploads\/2026\/03\/unidade-sao-francisco-n-scaled.jpg?resize=2048%2C1152&amp;ssl=1 2048w, https:\/\/i0.wp.com\/www.rr.senac.br\/portalsenac\/wp-content\/uploads\/2026\/03\/unidade-sao-francisco-n-scaled.jpg?resize=1568%2C882&amp;ssl=1 1568w, https:\/\/i0.wp.com\/www.rr.senac.br\/portalsenac\/wp-content\/uploads\/2026\/03\/unidade-sao-francisco-n-scaled.jpg?w=2250&amp;ssl=1 2250w\" sizes=\"(max-width: 750px) 100vw, 750px\" style=\"width:100%;height:56.25%;max-width:2560px\" \/>\t\t\t\t\t\t\t\t\t\t\t\t\t\t\t<\/div>\n\t\t\t\t<\/div>\n\t\t\t\t\t<\/div>\n\t\t<\/div>\n\t\t\t\t<div class=\"elementor-column elementor-col-50 elementor-top-column elementor-element elementor-element-9ff4ff9\" data-id=\"9ff4ff9\" data-element_type=\"column\">\n\t\t\t<div class=\"elementor-widget-wrap elementor-element-populated\">\n\t\t\t\t\t\t<div class=\"elementor-element elementor-element-6fd601e elementor-widget elementor-widget-heading\" data-id=\"6fd601e\" data-element_type=\"widget\" data-widget_type=\"heading.default\">\n\t\t\t\t<div class=\"elementor-widget-container\">\n\t\t\t\t\t<h4 class=\"elementor-heading-title elementor-size-default\">CENTRO DE EDUCA\u00c7\u00c3O PROFISSIONAL MINISTRO ERNANE GALV\u00caAS<\/h4>\t\t\t\t<\/div>\n\t\t\t\t<\/div>\n\t\t\t\t<div class=\"elementor-element elementor-element-55157be elementor-widget elementor-widget-text-editor\" data-id=\"55157be\" data-element_type=\"widget\" data-widget_type=\"text-editor.default\">\n\t\t\t\t<div class=\"elementor-widget-container\">\n\t\t\t\t\t\t\t\t\t<p style=\"line-height: var(--wp--typography--line-height, var(--global--line-height-body)); max-width: var(--global--spacing-measure);\">Av. Major Williams, 2084 &#8211; S\u00e3o Francisco<\/p><p style=\"line-height: var(--wp--typography--line-height, var(--global--line-height-body)); max-width: var(--global--spacing-measure);\">CEP 69301-110 &#8211; Boa Vista-RR<\/p><p style=\"line-height: var(--wp--typography--line-height, var(--global--line-height-body)); max-width: var(--global--spacing-measure);\">Central de Atendimento: (95) 3623-1431<\/p>\t\t\t\t\t\t\t\t<\/div>\n\t\t\t\t<\/div>\n\t\t\t\t\t<\/div>\n\t\t<\/div>\n\t\t\t\t\t<\/div>\n\t\t<\/section>\n\t\t\t\t<section class=\"elementor-section elementor-top-section elementor-element elementor-element-385e806 elementor-section-boxed elementor-section-height-default elementor-section-height-default\" data-id=\"385e806\" data-element_type=\"section\">\n\t\t\t\t\t\t<div class=\"elementor-container elementor-column-gap-default\">\n\t\t\t\t\t<div class=\"elementor-column elementor-col-100 elementor-top-column elementor-element elementor-element-1ab0823\" data-id=\"1ab0823\" data-element_type=\"column\">\n\t\t\t<div class=\"elementor-widget-wrap elementor-element-populated\">\n\t\t\t\t\t\t<div class=\"elementor-element elementor-element-6fe0309 elementor-widget-divider--view-line elementor-widget elementor-widget-divider\" data-id=\"6fe0309\" data-element_type=\"widget\" data-widget_type=\"divider.default\">\n\t\t\t\t<div class=\"elementor-widget-container\">\n\t\t\t\t\t\t\t<div class=\"elementor-divider\">\n\t\t\t<span class=\"elementor-divider-separator\">\n\t\t\t\t\t\t<\/span>\n\t\t<\/div>\n\t\t\t\t\t\t<\/div>\n\t\t\t\t<\/div>\n\t\t\t\t\t<\/div>\n\t\t<\/div>\n\t\t\t\t\t<\/div>\n\t\t<\/section>\n\t\t\t\t<section class=\"elementor-section elementor-top-section elementor-element elementor-element-e53fbab elementor-section-boxed elementor-section-height-default elementor-section-height-default\" data-id=\"e53fbab\" data-element_type=\"section\">\n\t\t\t\t\t\t<div class=\"elementor-container elementor-column-gap-default\">\n\t\t\t\t\t<div class=\"elementor-column elementor-col-50 elementor-top-column elementor-element elementor-element-65ddcc4\" data-id=\"65ddcc4\" data-element_type=\"column\">\n\t\t\t<div class=\"elementor-widget-wrap elementor-element-populated\">\n\t\t\t\t\t\t<div class=\"elementor-element elementor-element-ca30bb3 elementor-widget elementor-widget-image\" data-id=\"ca30bb3\" data-element_type=\"widget\" data-widget_type=\"image.default\">\n\t\t\t\t<div class=\"elementor-widget-container\">\n\t\t\t\t\t\t\t\t\t\t\t\t\t\t\t<img decoding=\"async\" width=\"750\" height=\"497\" src=\"https:\/\/i0.wp.com\/www.rr.senac.br\/portalsenac\/wp-content\/uploads\/2026\/03\/unidade-idiomas.jpeg?fit=750%2C497&amp;ssl=1\" class=\"attachment-large size-large wp-image-9240\" alt=\"\" srcset=\"https:\/\/i0.wp.com\/www.rr.senac.br\/portalsenac\/wp-content\/uploads\/2026\/03\/unidade-idiomas.jpeg?w=1015&amp;ssl=1 1015w, https:\/\/i0.wp.com\/www.rr.senac.br\/portalsenac\/wp-content\/uploads\/2026\/03\/unidade-idiomas.jpeg?resize=300%2C199&amp;ssl=1 300w, https:\/\/i0.wp.com\/www.rr.senac.br\/portalsenac\/wp-content\/uploads\/2026\/03\/unidade-idiomas.jpeg?resize=768%2C508&amp;ssl=1 768w\" sizes=\"(max-width: 750px) 100vw, 750px\" style=\"width:100%;height:66.21%;max-width:1015px\" \/>\t\t\t\t\t\t\t\t\t\t\t\t\t\t\t<\/div>\n\t\t\t\t<\/div>\n\t\t\t\t\t<\/div>\n\t\t<\/div>\n\t\t\t\t<div class=\"elementor-column elementor-col-50 elementor-top-column elementor-element elementor-element-36cdf96\" data-id=\"36cdf96\" data-element_type=\"column\">\n\t\t\t<div class=\"elementor-widget-wrap elementor-element-populated\">\n\t\t\t\t\t\t<div class=\"elementor-element elementor-element-a0c8fc4 elementor-widget elementor-widget-heading\" data-id=\"a0c8fc4\" data-element_type=\"widget\" data-widget_type=\"heading.default\">\n\t\t\t\t<div class=\"elementor-widget-container\">\n\t\t\t\t\t<h4 class=\"elementor-heading-title elementor-size-default\">CENTRO DE IDIOMAS SENAC PAULO DO VALE PEREIRA FILHO<\/h4>\t\t\t\t<\/div>\n\t\t\t\t<\/div>\n\t\t\t\t<div class=\"elementor-element elementor-element-4403765 elementor-widget elementor-widget-text-editor\" data-id=\"4403765\" data-element_type=\"widget\" data-widget_type=\"text-editor.default\">\n\t\t\t\t<div class=\"elementor-widget-container\">\n\t\t\t\t\t\t\t\t\t<p>Rua General Penha Brasil, 1618 &#8211; S\u00e3o Francisco<\/p><p>CEP 69305-130 &#8211; Boa Vista-RR<\/p><p>Telefone: (95) 3224-1988<\/p>\t\t\t\t\t\t\t\t<\/div>\n\t\t\t\t<\/div>\n\t\t\t\t\t<\/div>\n\t\t<\/div>\n\t\t\t\t\t<\/div>\n\t\t<\/section>\n\t\t\t\t<section class=\"elementor-section elementor-top-section elementor-element elementor-element-b3c1954 elementor-section-boxed elementor-section-height-default elementor-section-height-default\" data-id=\"b3c1954\" data-element_type=\"section\">\n\t\t\t\t\t\t<div class=\"elementor-container elementor-column-gap-default\">\n\t\t\t\t\t<div class=\"elementor-column elementor-col-100 elementor-top-column elementor-element elementor-element-d270d34\" data-id=\"d270d34\" data-element_type=\"column\">\n\t\t\t<div class=\"elementor-widget-wrap elementor-element-populated\">\n\t\t\t\t\t\t<div class=\"elementor-element elementor-element-439ae44 elementor-widget-divider--view-line elementor-widget elementor-widget-divider\" data-id=\"439ae44\" data-element_type=\"widget\" data-widget_type=\"divider.default\">\n\t\t\t\t<div class=\"elementor-widget-container\">\n\t\t\t\t\t\t\t<div class=\"elementor-divider\">\n\t\t\t<span class=\"elementor-divider-separator\">\n\t\t\t\t\t\t<\/span>\n\t\t<\/div>\n\t\t\t\t\t\t<\/div>\n\t\t\t\t<\/div>\n\t\t\t\t\t<\/div>\n\t\t<\/div>\n\t\t\t\t\t<\/div>\n\t\t<\/section>\n\t\t\t\t<section class=\"elementor-section elementor-top-section elementor-element elementor-element-27bc8be elementor-section-boxed elementor-section-height-default elementor-section-height-default\" data-id=\"27bc8be\" data-element_type=\"section\">\n\t\t\t\t\t\t<div class=\"elementor-container elementor-column-gap-default\">\n\t\t\t\t\t<div class=\"elementor-column elementor-col-50 elementor-top-column elementor-element elementor-element-f2ae45c\" data-id=\"f2ae45c\" data-element_type=\"column\">\n\t\t\t<div class=\"elementor-widget-wrap elementor-element-populated\">\n\t\t\t\t\t\t<div class=\"elementor-element elementor-element-11725f5 elementor-widget elementor-widget-image\" data-id=\"11725f5\" data-element_type=\"widget\" data-widget_type=\"image.default\">\n\t\t\t\t<div class=\"elementor-widget-container\">\n\t\t\t\t\t\t\t\t\t\t\t\t\t\t\t<img decoding=\"async\" width=\"750\" height=\"499\" src=\"https:\/\/i0.wp.com\/www.rr.senac.br\/portalsenac\/wp-content\/uploads\/2026\/03\/unidade-asa-branca-n.jpeg?fit=750%2C499&amp;ssl=1\" class=\"attachment-large size-large wp-image-9241\" alt=\"\" srcset=\"https:\/\/i0.wp.com\/www.rr.senac.br\/portalsenac\/wp-content\/uploads\/2026\/03\/unidade-asa-branca-n.jpeg?w=1017&amp;ssl=1 1017w, https:\/\/i0.wp.com\/www.rr.senac.br\/portalsenac\/wp-content\/uploads\/2026\/03\/unidade-asa-branca-n.jpeg?resize=300%2C200&amp;ssl=1 300w, https:\/\/i0.wp.com\/www.rr.senac.br\/portalsenac\/wp-content\/uploads\/2026\/03\/unidade-asa-branca-n.jpeg?resize=768%2C511&amp;ssl=1 768w\" sizes=\"(max-width: 750px) 100vw, 750px\" style=\"width:100%;height:66.57%;max-width:1017px\" \/>\t\t\t\t\t\t\t\t\t\t\t\t\t\t\t<\/div>\n\t\t\t\t<\/div>\n\t\t\t\t\t<\/div>\n\t\t<\/div>\n\t\t\t\t<div class=\"elementor-column elementor-col-50 elementor-top-column elementor-element elementor-element-4a63d33\" data-id=\"4a63d33\" data-element_type=\"column\">\n\t\t\t<div class=\"elementor-widget-wrap elementor-element-populated\">\n\t\t\t\t\t\t<div class=\"elementor-element elementor-element-24e9767 elementor-widget elementor-widget-heading\" data-id=\"24e9767\" data-element_type=\"widget\" data-widget_type=\"heading.default\">\n\t\t\t\t<div class=\"elementor-widget-container\">\n\t\t\t\t\t<h4 class=\"elementor-heading-title elementor-size-default\">CENTRO DE EDUCA\u00c7\u00c3O PROFISSIONAL MINISTRO BERNARDO CABRAL<\/h4>\t\t\t\t<\/div>\n\t\t\t\t<\/div>\n\t\t\t\t<div class=\"elementor-element elementor-element-51a75fa elementor-widget elementor-widget-text-editor\" data-id=\"51a75fa\" data-element_type=\"widget\" data-widget_type=\"text-editor.default\">\n\t\t\t\t<div class=\"elementor-widget-container\">\n\t\t\t\t\t\t\t\t\t<p>Rua Hor\u00e1cio Mardel de Magalh\u00e3es, 400 &#8211; Asa Branca<\/p><p>CEP 69.312-265 &#8211; Boa Vista-RR<br \/>Telefone: (95) 3626-8434<\/p>\t\t\t\t\t\t\t\t<\/div>\n\t\t\t\t<\/div>\n\t\t\t\t\t<\/div>\n\t\t<\/div>\n\t\t\t\t\t<\/div>\n\t\t<\/section>\n\t\t\t\t<section class=\"elementor-section elementor-top-section elementor-element elementor-element-a5899ad elementor-section-boxed elementor-section-height-default elementor-section-height-default\" data-id=\"a5899ad\" data-element_type=\"section\">\n\t\t\t\t\t\t<div class=\"elementor-container elementor-column-gap-default\">\n\t\t\t\t\t<div class=\"elementor-column elementor-col-100 elementor-top-column elementor-element elementor-element-67676cb\" data-id=\"67676cb\" data-element_type=\"column\">\n\t\t\t<div class=\"elementor-widget-wrap elementor-element-populated\">\n\t\t\t\t\t\t<div class=\"elementor-element elementor-element-6533e14 elementor-widget-divider--view-line elementor-widget elementor-widget-divider\" data-id=\"6533e14\" data-element_type=\"widget\" data-widget_type=\"divider.default\">\n\t\t\t\t<div class=\"elementor-widget-container\">\n\t\t\t\t\t\t\t<div class=\"elementor-divider\">\n\t\t\t<span class=\"elementor-divider-separator\">\n\t\t\t\t\t\t<\/span>\n\t\t<\/div>\n\t\t\t\t\t\t<\/div>\n\t\t\t\t<\/div>\n\t\t\t\t\t<\/div>\n\t\t<\/div>\n\t\t\t\t\t<\/div>\n\t\t<\/section>\n\t\t\t\t<section class=\"elementor-section elementor-top-section elementor-element elementor-element-8e35e20 elementor-section-boxed elementor-section-height-default elementor-section-height-default\" data-id=\"8e35e20\" data-element_type=\"section\">\n\t\t\t\t\t\t<div class=\"elementor-container elementor-column-gap-default\">\n\t\t\t\t\t<div class=\"elementor-column elementor-col-50 elementor-top-column elementor-element elementor-element-243e9ca\" data-id=\"243e9ca\" data-element_type=\"column\">\n\t\t\t<div class=\"elementor-widget-wrap elementor-element-populated\">\n\t\t\t\t\t\t<div class=\"elementor-element elementor-element-3631ebd elementor-widget elementor-widget-image\" data-id=\"3631ebd\" data-element_type=\"widget\" data-widget_type=\"image.default\">\n\t\t\t\t<div class=\"elementor-widget-container\">\n\t\t\t\t\t\t\t\t\t\t\t\t\t\t\t<img loading=\"lazy\" decoding=\"async\" width=\"750\" height=\"500\" src=\"https:\/\/i0.wp.com\/www.rr.senac.br\/portalsenac\/wp-content\/uploads\/2026\/03\/unidade-senac-saude-n.png?fit=750%2C500&amp;ssl=1\" class=\"attachment-large size-large wp-image-9243\" alt=\"\" srcset=\"https:\/\/i0.wp.com\/www.rr.senac.br\/portalsenac\/wp-content\/uploads\/2026\/03\/unidade-senac-saude-n.png?w=1512&amp;ssl=1 1512w, https:\/\/i0.wp.com\/www.rr.senac.br\/portalsenac\/wp-content\/uploads\/2026\/03\/unidade-senac-saude-n.png?resize=300%2C200&amp;ssl=1 300w, https:\/\/i0.wp.com\/www.rr.senac.br\/portalsenac\/wp-content\/uploads\/2026\/03\/unidade-senac-saude-n.png?resize=1024%2C683&amp;ssl=1 1024w, https:\/\/i0.wp.com\/www.rr.senac.br\/portalsenac\/wp-content\/uploads\/2026\/03\/unidade-senac-saude-n.png?resize=768%2C512&amp;ssl=1 768w\" sizes=\"(max-width: 750px) 100vw, 750px\" style=\"width:100%;height:66.67%;max-width:1512px\" \/>\t\t\t\t\t\t\t\t\t\t\t\t\t\t\t<\/div>\n\t\t\t\t<\/div>\n\t\t\t\t\t<\/div>\n\t\t<\/div>\n\t\t\t\t<div class=\"elementor-column elementor-col-50 elementor-top-column elementor-element elementor-element-f93c7ca\" data-id=\"f93c7ca\" data-element_type=\"column\">\n\t\t\t<div class=\"elementor-widget-wrap elementor-element-populated\">\n\t\t\t\t\t\t<div class=\"elementor-element elementor-element-ecbb549 elementor-widget elementor-widget-heading\" data-id=\"ecbb549\" data-element_type=\"widget\" data-widget_type=\"heading.default\">\n\t\t\t\t<div class=\"elementor-widget-container\">\n\t\t\t\t\t<h4 class=\"elementor-heading-title elementor-size-default\">UNIDADE OPERATIVA DE FORMA\u00c7\u00c3O T\u00c9CNICA EM SA\u00daDE LUP\u00c9RCIO LIMA FERREIRA<\/h4>\t\t\t\t<\/div>\n\t\t\t\t<\/div>\n\t\t\t\t<div class=\"elementor-element elementor-element-a97cd40 elementor-widget elementor-widget-text-editor\" data-id=\"a97cd40\" data-element_type=\"widget\" data-widget_type=\"text-editor.default\">\n\t\t\t\t<div class=\"elementor-widget-container\">\n\t\t\t\t\t\t\t\t\t<p>Av. Major Williams, 2084 &#8211; S\u00e3o Francisco<\/p><p>Cep: 69301-110 Boa Vista-RR<br \/>Central de Atendimento: (95) 3623-1431<\/p>\t\t\t\t\t\t\t\t<\/div>\n\t\t\t\t<\/div>\n\t\t\t\t\t<\/div>\n\t\t<\/div>\n\t\t\t\t\t<\/div>\n\t\t<\/section>\n\t\t\t\t<section class=\"elementor-section elementor-top-section elementor-element elementor-element-93db395 elementor-section-boxed elementor-section-height-default elementor-section-height-default\" data-id=\"93db395\" data-element_type=\"section\">\n\t\t\t\t\t\t<div class=\"elementor-container elementor-column-gap-default\">\n\t\t\t\t\t<div class=\"elementor-column elementor-col-100 elementor-top-column elementor-element elementor-element-30b60e4\" data-id=\"30b60e4\" data-element_type=\"column\">\n\t\t\t<div class=\"elementor-widget-wrap elementor-element-populated\">\n\t\t\t\t\t\t<div class=\"elementor-element elementor-element-f3b1dea elementor-widget-divider--view-line elementor-widget elementor-widget-divider\" data-id=\"f3b1dea\" data-element_type=\"widget\" data-widget_type=\"divider.default\">\n\t\t\t\t<div class=\"elementor-widget-container\">\n\t\t\t\t\t\t\t<div class=\"elementor-divider\">\n\t\t\t<span class=\"elementor-divider-separator\">\n\t\t\t\t\t\t<\/span>\n\t\t<\/div>\n\t\t\t\t\t\t<\/div>\n\t\t\t\t<\/div>\n\t\t\t\t\t<\/div>\n\t\t<\/div>\n\t\t\t\t\t<\/div>\n\t\t<\/section>\n\t\t\t\t<\/div>\n\t\t","protected":false},"excerpt":{"rendered":"<p>CENTRO DE EDUCA\u00c7\u00c3O PROFISSIONAL MINISTRO ERNANE GALV\u00caAS Av. Major Williams, 2084 &#8211; S\u00e3o Francisco CEP 69301-110 &#8211; Boa Vista-RR Central de Atendimento: (95) 3623-1431 CENTRO DE IDIOMAS SENAC PAULO DO VALE PEREIRA FILHO Rua General Penha Brasil, 1618 &#8211; S\u00e3o Francisco CEP 69305-130 &#8211; Boa&hellip; <a class=\"more-link\" href=\"https:\/\/www.rr.senac.br\/portalsenac\/unidades-da-capital\/\">Continuar lendo <span class=\"screen-reader-text\">Unidades da Capital<\/span><\/a><\/p>\n","protected":false},"author":1,"featured_media":0,"parent":0,"menu_order":0,"comment_status":"closed","ping_status":"closed","template":"elementor_header_footer","meta":{"_joinchat":[],"footnotes":""},"class_list":["post-997","page","type-page","status-publish","hentry","entry"],"jetpack_sharing_enabled":true,"_links":{"self":[{"href":"https:\/\/www.rr.senac.br\/portalsenac\/wp-json\/wp\/v2\/pages\/997","targetHints":{"allow":["GET"]}}],"collection":[{"href":"https:\/\/www.rr.senac.br\/portalsenac\/wp-json\/wp\/v2\/pages"}],"about":[{"href":"https:\/\/www.rr.senac.br\/portalsenac\/wp-json\/wp\/v2\/types\/page"}],"author":[{"embeddable":true,"href":"https:\/\/www.rr.senac.br\/portalsenac\/wp-json\/wp\/v2\/users\/1"}],"replies":[{"embeddable":true,"href":"https:\/\/www.rr.senac.br\/portalsenac\/wp-json\/wp\/v2\/comments?post=997"}],"version-history":[{"count":9,"href":"https:\/\/www.rr.senac.br\/portalsenac\/wp-json\/wp\/v2\/pages\/997\/revisions"}],"predecessor-version":[{"id":9247,"href":"https:\/\/www.rr.senac.br\/portalsenac\/wp-json\/wp\/v2\/pages\/997\/revisions\/9247"}],"wp:attachment":[{"href":"https:\/\/www.rr.senac.br\/portalsenac\/wp-json\/wp\/v2\/media?parent=997"}],"curies":[{"name":"wp","href":"https:\/\/api.w.org\/{rel}","templated":true}]}}